{"id":3415,"date":"2021-07-17T14:12:54","date_gmt":"2021-07-17T13:12:54","guid":{"rendered":"https:\/\/www.julienfournie.com\/en\/?page_id=3415"},"modified":"2023-11-23T17:57:27","modified_gmt":"2023-11-23T16:57:27","slug":"haute-couture-reports-julien-fournie","status":"publish","type":"page","link":"https:\/\/www.julienfournie.com\/en\/haute-couture-reports-julien-fournie\/","title":{"rendered":"Reports"},"content":{"rendered":"\n<figure class=\"wp-block-image aligncenter size-medium\"><img loading=\"lazy\" decoding=\"async\" width=\"300\" height=\"73\" src=\"https:\/\/www.julienfournie.com\/en\/wp-content\/uploads\/sites\/4\/2021\/06\/cropped-IMG_6604-scaled-1-300x73.jpeg\" alt=\"haute couture report\" class=\"wp-image-986\" title=\"\" srcset=\"https:\/\/www.julienfournie.com\/en\/wp-content\/uploads\/sites\/4\/2021\/06\/cropped-IMG_6604-scaled-1-300x73.jpeg 300w, https:\/\/www.julienfournie.com\/en\/wp-content\/uploads\/sites\/4\/2021\/06\/cropped-IMG_6604-scaled-1-1024x248.jpeg 1024w, https:\/\/www.julienfournie.com\/en\/wp-content\/uploads\/sites\/4\/2021\/06\/cropped-IMG_6604-scaled-1-768x186.jpeg 768w, https:\/\/www.julienfournie.com\/en\/wp-content\/uploads\/sites\/4\/2021\/06\/cropped-IMG_6604-scaled-1-1536x372.jpeg 1536w, https:\/\/www.julienfournie.com\/en\/wp-content\/uploads\/sites\/4\/2021\/06\/cropped-IMG_6604-scaled-1-2048x496.jpeg 2048w, https:\/\/www.julienfournie.com\/en\/wp-content\/uploads\/sites\/4\/2021\/06\/cropped-IMG_6604-scaled-1-1200x291.jpeg 1200w, https:\/\/www.julienfournie.com\/en\/wp-content\/uploads\/sites\/4\/2021\/06\/cropped-IMG_6604-scaled-1-1980x479.jpeg 1980w, https:\/\/www.julienfournie.com\/en\/wp-content\/uploads\/sites\/4\/2021\/06\/cropped-IMG_6604-scaled-1-600x145.jpeg 600w\" sizes=\"auto, (max-width: 300px) 100vw, 300px\" \/><\/figure>\n\n\n\n<p class=\"has-text-align-center has-small-font-size\">Reports on Maison Julien Fourni\u00e9 <a href=\"https:\/\/www.julienfournie.com\/en\/what-haute-couture-is-haute-couture-meaning\/\" data-type=\"page\" data-id=\"2189\">Haute Couture<\/a> and interviews with <a href=\"https:\/\/www.julienfournie.com\/en\/house-julien-fournie-haute-couture-paris\/\" data-type=\"page\" data-id=\"1014\">Julien Fourni\u00e9<\/a>.<\/p>\n\n\n\n<p class=\"has-text-align-center\" style=\"font-size:10px\">Click to each image to see the video<\/p>\n\n\n\n<div class=\"wp-block-query is-layout-flow wp-block-query-is-layout-flow\"><ul class=\"wp-block-post-template is-layout-flow wp-block-post-template-is-layout-flow\"><li class=\"wp-block-post post-20311 post type-post status-publish format-standard has-post-thumbnail hentry category-fashion category-reports\">\n<figure class=\"alignwide wp-block-post-featured-image\"><a href=\"https:\/\/www.julienfournie.com\/en\/when-haute-couture-breaks-with-tradition\/\" target=\"_blank\"  ><img loading=\"lazy\" decoding=\"async\" width=\"1205\" height=\"803\" src=\"https:\/\/www.julienfournie.com\/en\/wp-content\/uploads\/sites\/4\/2026\/02\/Salut-First-Misfits-HCPE26.jpg\" class=\"attachment-post-thumbnail size-post-thumbnail wp-post-image\" alt=\"When Haute Couture breaks with tradition: Summer 2026 collections\" style=\"object-fit:cover;\" srcset=\"https:\/\/www.julienfournie.com\/en\/wp-content\/uploads\/sites\/4\/2026\/02\/Salut-First-Misfits-HCPE26.jpg 1205w, https:\/\/www.julienfournie.com\/en\/wp-content\/uploads\/sites\/4\/2026\/02\/Salut-First-Misfits-HCPE26-300x200.jpg 300w, https:\/\/www.julienfournie.com\/en\/wp-content\/uploads\/sites\/4\/2026\/02\/Salut-First-Misfits-HCPE26-1024x682.jpg 1024w, https:\/\/www.julienfournie.com\/en\/wp-content\/uploads\/sites\/4\/2026\/02\/Salut-First-Misfits-HCPE26-768x512.jpg 768w, https:\/\/www.julienfournie.com\/en\/wp-content\/uploads\/sites\/4\/2026\/02\/Salut-First-Misfits-HCPE26-600x400.jpg 600w\" sizes=\"auto, (max-width: 1205px) 100vw, 1205px\" title=\"\"><\/a><\/figure>\n\n<h6 style=\"font-style:normal;font-weight:300;\" class=\"wp-block-post-title has-small-font-size\"><a href=\"https:\/\/www.julienfournie.com\/en\/when-haute-couture-breaks-with-tradition\/\" target=\"_blank\" >When Haute Couture breaks with tradition: Summer 2026 collections<\/a><\/h6>\n<\/li><li class=\"wp-block-post post-20304 post type-post status-publish format-standard has-post-thumbnail hentry category-fashion category-reports\">\n<figure class=\"alignwide wp-block-post-featured-image\"><a href=\"https:\/\/www.julienfournie.com\/en\/first-misfits-haute-couture-olivier-ronot\/\" target=\"_blank\"  ><img loading=\"lazy\" decoding=\"async\" width=\"1820\" height=\"779\" src=\"https:\/\/www.julienfournie.com\/en\/wp-content\/uploads\/sites\/4\/2026\/02\/First-Misfits-A-film-By-Olivier-Ronot3.jpg\" class=\"attachment-post-thumbnail size-post-thumbnail wp-post-image\" alt=\"First Misfits, A film by olivier Ronot\" style=\"object-fit:cover;\" srcset=\"https:\/\/www.julienfournie.com\/en\/wp-content\/uploads\/sites\/4\/2026\/02\/First-Misfits-A-film-By-Olivier-Ronot3.jpg 1820w, https:\/\/www.julienfournie.com\/en\/wp-content\/uploads\/sites\/4\/2026\/02\/First-Misfits-A-film-By-Olivier-Ronot3-300x128.jpg 300w, https:\/\/www.julienfournie.com\/en\/wp-content\/uploads\/sites\/4\/2026\/02\/First-Misfits-A-film-By-Olivier-Ronot3-1024x438.jpg 1024w, https:\/\/www.julienfournie.com\/en\/wp-content\/uploads\/sites\/4\/2026\/02\/First-Misfits-A-film-By-Olivier-Ronot3-768x329.jpg 768w, https:\/\/www.julienfournie.com\/en\/wp-content\/uploads\/sites\/4\/2026\/02\/First-Misfits-A-film-By-Olivier-Ronot3-1536x657.jpg 1536w, https:\/\/www.julienfournie.com\/en\/wp-content\/uploads\/sites\/4\/2026\/02\/First-Misfits-A-film-By-Olivier-Ronot3-600x257.jpg 600w\" sizes=\"auto, (max-width: 1820px) 100vw, 1820px\" title=\"\"><\/a><\/figure>\n\n<h6 style=\"font-style:normal;font-weight:300;\" class=\"wp-block-post-title has-small-font-size\"><a href=\"https:\/\/www.julienfournie.com\/en\/first-misfits-haute-couture-olivier-ronot\/\" target=\"_blank\" >First Misfits, A film by olivier Ronot<\/a><\/h6>\n<\/li><li class=\"wp-block-post post-18843 post type-post status-publish format-standard has-post-thumbnail hentry category-fashion category-reports\">\n<figure class=\"alignwide wp-block-post-featured-image\"><a href=\"https:\/\/www.julienfournie.com\/en\/haute-couture-show-demo-de-mode\/\" target=\"_blank\"  ><img loading=\"lazy\" decoding=\"async\" width=\"1024\" height=\"683\" src=\"https:\/\/www.julienfournie.com\/en\/wp-content\/uploads\/sites\/4\/2025\/01\/HAUTE-COUTURE-JULIEN-FOURNIE_6570-first-circus.jpg\" class=\"attachment-post-thumbnail size-post-thumbnail wp-post-image\" alt=\"The Haute Couture show is deciphered in D\u00e9mo de Mode.\" style=\"object-fit:cover;\" srcset=\"https:\/\/www.julienfournie.com\/en\/wp-content\/uploads\/sites\/4\/2025\/01\/HAUTE-COUTURE-JULIEN-FOURNIE_6570-first-circus.jpg 1024w, https:\/\/www.julienfournie.com\/en\/wp-content\/uploads\/sites\/4\/2025\/01\/HAUTE-COUTURE-JULIEN-FOURNIE_6570-first-circus-300x200.jpg 300w, https:\/\/www.julienfournie.com\/en\/wp-content\/uploads\/sites\/4\/2025\/01\/HAUTE-COUTURE-JULIEN-FOURNIE_6570-first-circus-768x512.jpg 768w, https:\/\/www.julienfournie.com\/en\/wp-content\/uploads\/sites\/4\/2025\/01\/HAUTE-COUTURE-JULIEN-FOURNIE_6570-first-circus-600x400.jpg 600w\" sizes=\"auto, (max-width: 1024px) 100vw, 1024px\" title=\"\"><\/a><\/figure>\n\n<h6 style=\"font-style:normal;font-weight:300;\" class=\"wp-block-post-title has-small-font-size\"><a href=\"https:\/\/www.julienfournie.com\/en\/haute-couture-show-demo-de-mode\/\" target=\"_blank\" >The Haute Couture show is deciphered in D\u00e9mo de Mode.<\/a><\/h6>\n<\/li><li class=\"wp-block-post post-18827 post type-post status-publish format-standard has-post-thumbnail hentry category-fashion category-reports tag-haute-couture tag-haute-couture-film\">\n<figure class=\"alignwide wp-block-post-featured-image\"><a href=\"https:\/\/www.julienfournie.com\/en\/julien-fournie-haute-couture-report\/\" target=\"_blank\"  ><img loading=\"lazy\" decoding=\"async\" width=\"1088\" height=\"621\" src=\"https:\/\/www.julienfournie.com\/en\/wp-content\/uploads\/sites\/4\/2025\/06\/FC-NEWS-Haute-Couture.jpg\" class=\"attachment-post-thumbnail size-post-thumbnail wp-post-image\" alt=\"Haute Couture report\" style=\"object-fit:cover;\" srcset=\"https:\/\/www.julienfournie.com\/en\/wp-content\/uploads\/sites\/4\/2025\/06\/FC-NEWS-Haute-Couture.jpg 1088w, https:\/\/www.julienfournie.com\/en\/wp-content\/uploads\/sites\/4\/2025\/06\/FC-NEWS-Haute-Couture-300x171.jpg 300w, https:\/\/www.julienfournie.com\/en\/wp-content\/uploads\/sites\/4\/2025\/06\/FC-NEWS-Haute-Couture-1024x584.jpg 1024w, https:\/\/www.julienfournie.com\/en\/wp-content\/uploads\/sites\/4\/2025\/06\/FC-NEWS-Haute-Couture-768x438.jpg 768w, https:\/\/www.julienfournie.com\/en\/wp-content\/uploads\/sites\/4\/2025\/06\/FC-NEWS-Haute-Couture-600x342.jpg 600w, https:\/\/www.julienfournie.com\/en\/wp-content\/uploads\/sites\/4\/2025\/06\/FC-NEWS-Haute-Couture-150x86.jpg 150w\" sizes=\"auto, (max-width: 1088px) 100vw, 1088px\" title=\"\"><\/a><\/figure>\n\n<h6 style=\"font-style:normal;font-weight:300;\" class=\"wp-block-post-title has-small-font-size\"><a href=\"https:\/\/www.julienfournie.com\/en\/julien-fournie-haute-couture-report\/\" target=\"_blank\" >Haute Couture report<\/a><\/h6>\n<\/li><li class=\"wp-block-post post-18694 post type-post status-publish format-standard has-post-thumbnail hentry category-fashion category-reports\">\n<figure class=\"alignwide wp-block-post-featured-image\"><a href=\"https:\/\/www.julienfournie.com\/en\/fashion-show-on-vietnamese-tv\/\" target=\"_blank\"  ><img loading=\"lazy\" decoding=\"async\" width=\"1200\" height=\"626\" src=\"https:\/\/www.julienfournie.com\/en\/wp-content\/uploads\/sites\/4\/2025\/06\/VTV9-JULIEN-FOURNIE-2-1200x626.jpg\" class=\"attachment-post-thumbnail size-post-thumbnail wp-post-image\" alt=\"Julien Fourni\u00e9&#8217;s fashion show in Ho Chi Minh City on Vietnamese TV.\" style=\"object-fit:cover;\" srcset=\"https:\/\/www.julienfournie.com\/en\/wp-content\/uploads\/sites\/4\/2025\/06\/VTV9-JULIEN-FOURNIE-2-1200x626.jpg 1200w, https:\/\/www.julienfournie.com\/en\/wp-content\/uploads\/sites\/4\/2025\/06\/VTV9-JULIEN-FOURNIE-2-300x157.jpg 300w, https:\/\/www.julienfournie.com\/en\/wp-content\/uploads\/sites\/4\/2025\/06\/VTV9-JULIEN-FOURNIE-2-1024x535.jpg 1024w, https:\/\/www.julienfournie.com\/en\/wp-content\/uploads\/sites\/4\/2025\/06\/VTV9-JULIEN-FOURNIE-2-768x401.jpg 768w, https:\/\/www.julienfournie.com\/en\/wp-content\/uploads\/sites\/4\/2025\/06\/VTV9-JULIEN-FOURNIE-2-1536x802.jpg 1536w, https:\/\/www.julienfournie.com\/en\/wp-content\/uploads\/sites\/4\/2025\/06\/VTV9-JULIEN-FOURNIE-2-600x313.jpg 600w, https:\/\/www.julienfournie.com\/en\/wp-content\/uploads\/sites\/4\/2025\/06\/VTV9-JULIEN-FOURNIE-2-150x78.jpg 150w, https:\/\/www.julienfournie.com\/en\/wp-content\/uploads\/sites\/4\/2025\/06\/VTV9-JULIEN-FOURNIE-2.jpg 1724w\" sizes=\"auto, (max-width: 1200px) 100vw, 1200px\" title=\"\"><\/a><\/figure>\n\n<h6 style=\"font-style:normal;font-weight:300;\" class=\"wp-block-post-title has-small-font-size\"><a href=\"https:\/\/www.julienfournie.com\/en\/fashion-show-on-vietnamese-tv\/\" target=\"_blank\" >Julien Fourni\u00e9&#8217;s fashion show in Ho Chi Minh City on Vietnamese TV.<\/a><\/h6>\n<\/li><li class=\"wp-block-post post-18346 post type-post status-publish format-standard has-post-thumbnail hentry category-fashion category-reports\">\n<figure class=\"alignwide wp-block-post-featured-image\"><a href=\"https:\/\/www.julienfournie.com\/en\/julien-fournie-on-life-style-tv\/\" target=\"_blank\"  ><img loading=\"lazy\" decoding=\"async\" width=\"1024\" height=\"683\" src=\"https:\/\/www.julienfournie.com\/en\/wp-content\/uploads\/sites\/4\/2025\/01\/HAUTE-COUTURE-JULIEN-FOURNIE_6396-first-circus.jpg\" class=\"attachment-post-thumbnail size-post-thumbnail wp-post-image\" alt=\"Haute Couture : Julien Fourni\u00e9 on Life Style TV\" style=\"object-fit:cover;\" srcset=\"https:\/\/www.julienfournie.com\/en\/wp-content\/uploads\/sites\/4\/2025\/01\/HAUTE-COUTURE-JULIEN-FOURNIE_6396-first-circus.jpg 1024w, https:\/\/www.julienfournie.com\/en\/wp-content\/uploads\/sites\/4\/2025\/01\/HAUTE-COUTURE-JULIEN-FOURNIE_6396-first-circus-300x200.jpg 300w, https:\/\/www.julienfournie.com\/en\/wp-content\/uploads\/sites\/4\/2025\/01\/HAUTE-COUTURE-JULIEN-FOURNIE_6396-first-circus-768x512.jpg 768w, https:\/\/www.julienfournie.com\/en\/wp-content\/uploads\/sites\/4\/2025\/01\/HAUTE-COUTURE-JULIEN-FOURNIE_6396-first-circus-600x400.jpg 600w\" sizes=\"auto, (max-width: 1024px) 100vw, 1024px\" title=\"\"><\/a><\/figure>\n\n<h6 style=\"font-style:normal;font-weight:300;\" class=\"wp-block-post-title has-small-font-size\"><a href=\"https:\/\/www.julienfournie.com\/en\/julien-fournie-on-life-style-tv\/\" target=\"_blank\" >Haute Couture : Julien Fourni\u00e9 on Life Style TV<\/a><\/h6>\n<\/li><li class=\"wp-block-post post-18238 post type-post status-publish format-standard has-post-thumbnail hentry category-fashion category-in-the-press category-reports tag-fashion-show tag-haute-couture tag-haute-couture-dress tag-julien-fournie\">\n<figure class=\"alignwide wp-block-post-featured-image\"><a href=\"https:\/\/www.julienfournie.com\/en\/haute-couture-2025-playful-modernisation\/\" target=\"_blank\"  ><img loading=\"lazy\" decoding=\"async\" width=\"1200\" height=\"800\" src=\"https:\/\/www.julienfournie.com\/en\/wp-content\/uploads\/sites\/4\/2025\/02\/first-circus-haute-couture-1200x800.jpg\" class=\"attachment-post-thumbnail size-post-thumbnail wp-post-image\" alt=\"Haute couture collections, summer 2025: Playful modernisation\" style=\"object-fit:cover;\" srcset=\"https:\/\/www.julienfournie.com\/en\/wp-content\/uploads\/sites\/4\/2025\/02\/first-circus-haute-couture-1200x800.jpg 1200w, https:\/\/www.julienfournie.com\/en\/wp-content\/uploads\/sites\/4\/2025\/02\/first-circus-haute-couture-300x200.jpg 300w, https:\/\/www.julienfournie.com\/en\/wp-content\/uploads\/sites\/4\/2025\/02\/first-circus-haute-couture-1024x683.jpg 1024w, https:\/\/www.julienfournie.com\/en\/wp-content\/uploads\/sites\/4\/2025\/02\/first-circus-haute-couture-768x512.jpg 768w, https:\/\/www.julienfournie.com\/en\/wp-content\/uploads\/sites\/4\/2025\/02\/first-circus-haute-couture-1536x1024.jpg 1536w, https:\/\/www.julienfournie.com\/en\/wp-content\/uploads\/sites\/4\/2025\/02\/first-circus-haute-couture-600x400.jpg 600w, https:\/\/www.julienfournie.com\/en\/wp-content\/uploads\/sites\/4\/2025\/02\/first-circus-haute-couture.jpg 1920w\" sizes=\"auto, (max-width: 1200px) 100vw, 1200px\" title=\"\"><\/a><\/figure>\n\n<h6 style=\"font-style:normal;font-weight:300;\" class=\"wp-block-post-title has-small-font-size\"><a href=\"https:\/\/www.julienfournie.com\/en\/haute-couture-2025-playful-modernisation\/\" target=\"_blank\" >Haute couture collections, summer 2025: Playful modernisation<\/a><\/h6>\n<\/li><li class=\"wp-block-post post-18121 post type-post status-publish format-standard has-post-thumbnail hentry category-fashion category-reports tag-haute-couture tag-julien-fournie\">\n<figure class=\"alignwide wp-block-post-featured-image\"><a href=\"https:\/\/www.julienfournie.com\/en\/haute-couture-zdf-mittagsmagazin\/\" target=\"_blank\"  ><img loading=\"lazy\" decoding=\"async\" width=\"1024\" height=\"683\" src=\"https:\/\/www.julienfournie.com\/en\/wp-content\/uploads\/sites\/4\/2025\/01\/HAUTE-COUTURE-JULIEN-FOURNIE_6880-first-circus.jpg\" class=\"attachment-post-thumbnail size-post-thumbnail wp-post-image\" alt=\"Julien Fourni\u00e9 in ZDF MittagsMagazin\" style=\"object-fit:cover;\" srcset=\"https:\/\/www.julienfournie.com\/en\/wp-content\/uploads\/sites\/4\/2025\/01\/HAUTE-COUTURE-JULIEN-FOURNIE_6880-first-circus.jpg 1024w, https:\/\/www.julienfournie.com\/en\/wp-content\/uploads\/sites\/4\/2025\/01\/HAUTE-COUTURE-JULIEN-FOURNIE_6880-first-circus-300x200.jpg 300w, https:\/\/www.julienfournie.com\/en\/wp-content\/uploads\/sites\/4\/2025\/01\/HAUTE-COUTURE-JULIEN-FOURNIE_6880-first-circus-768x512.jpg 768w, https:\/\/www.julienfournie.com\/en\/wp-content\/uploads\/sites\/4\/2025\/01\/HAUTE-COUTURE-JULIEN-FOURNIE_6880-first-circus-600x400.jpg 600w\" sizes=\"auto, (max-width: 1024px) 100vw, 1024px\" title=\"\"><\/a><\/figure>\n\n<h6 style=\"font-style:normal;font-weight:300;\" class=\"wp-block-post-title has-small-font-size\"><a href=\"https:\/\/www.julienfournie.com\/en\/haute-couture-zdf-mittagsmagazin\/\" target=\"_blank\" >Julien Fourni\u00e9 in ZDF MittagsMagazin<\/a><\/h6>\n<\/li><li class=\"wp-block-post post-16999 post type-post status-publish format-standard has-post-thumbnail hentry category-fashion category-reports\">\n<figure class=\"alignwide wp-block-post-featured-image\"><a href=\"https:\/\/www.julienfournie.com\/en\/fashion-forward-last-queen-haute-couture\/\" target=\"_blank\"  ><img loading=\"lazy\" decoding=\"async\" width=\"1024\" height=\"683\" src=\"https:\/\/www.julienfournie.com\/en\/wp-content\/uploads\/sites\/4\/2024\/06\/COLLECTION-HAUTE-COUTURE-LAST-QUEEN_7614-ALL.jpg\" class=\"attachment-post-thumbnail size-post-thumbnail wp-post-image\" alt=\"Fashion Forward : Julien Fourni\u00e9 Last Queen Collection exclusive Chat\" style=\"object-fit:cover;\" srcset=\"https:\/\/www.julienfournie.com\/en\/wp-content\/uploads\/sites\/4\/2024\/06\/COLLECTION-HAUTE-COUTURE-LAST-QUEEN_7614-ALL.jpg 1024w, https:\/\/www.julienfournie.com\/en\/wp-content\/uploads\/sites\/4\/2024\/06\/COLLECTION-HAUTE-COUTURE-LAST-QUEEN_7614-ALL-300x200.jpg 300w, https:\/\/www.julienfournie.com\/en\/wp-content\/uploads\/sites\/4\/2024\/06\/COLLECTION-HAUTE-COUTURE-LAST-QUEEN_7614-ALL-768x512.jpg 768w, https:\/\/www.julienfournie.com\/en\/wp-content\/uploads\/sites\/4\/2024\/06\/COLLECTION-HAUTE-COUTURE-LAST-QUEEN_7614-ALL-600x400.jpg 600w\" sizes=\"auto, (max-width: 1024px) 100vw, 1024px\" title=\"\"><\/a><\/figure>\n\n<h6 style=\"font-style:normal;font-weight:300;\" class=\"wp-block-post-title has-small-font-size\"><a href=\"https:\/\/www.julienfournie.com\/en\/fashion-forward-last-queen-haute-couture\/\" target=\"_blank\" >Fashion Forward : Julien Fourni\u00e9 Last Queen Collection exclusive Chat<\/a><\/h6>\n<\/li><li class=\"wp-block-post post-15626 post type-post status-publish format-standard has-post-thumbnail hentry category-fashion category-reports tag-fashion-show tag-haute-couture tag-julien-fournie\">\n<figure class=\"alignwide wp-block-post-featured-image\"><a href=\"https:\/\/www.julienfournie.com\/en\/fashion-foward-first-vamps-haute-couture\/\" target=\"_blank\"  ><img loading=\"lazy\" decoding=\"async\" width=\"1200\" height=\"1160\" src=\"https:\/\/www.julienfournie.com\/en\/wp-content\/uploads\/sites\/4\/2024\/04\/Capture-decran-2024-04-21-a-12.15.58-1200x1160.png\" class=\"attachment-post-thumbnail size-post-thumbnail wp-post-image\" alt=\"Fashion Foward : First Vamps Haute Couture collection.\" style=\"object-fit:cover;\" srcset=\"https:\/\/www.julienfournie.com\/en\/wp-content\/uploads\/sites\/4\/2024\/04\/Capture-decran-2024-04-21-a-12.15.58-1200x1160.png 1200w, https:\/\/www.julienfournie.com\/en\/wp-content\/uploads\/sites\/4\/2024\/04\/Capture-decran-2024-04-21-a-12.15.58-300x290.png 300w, https:\/\/www.julienfournie.com\/en\/wp-content\/uploads\/sites\/4\/2024\/04\/Capture-decran-2024-04-21-a-12.15.58-1024x990.png 1024w, https:\/\/www.julienfournie.com\/en\/wp-content\/uploads\/sites\/4\/2024\/04\/Capture-decran-2024-04-21-a-12.15.58-768x742.png 768w, https:\/\/www.julienfournie.com\/en\/wp-content\/uploads\/sites\/4\/2024\/04\/Capture-decran-2024-04-21-a-12.15.58-600x580.png 600w, https:\/\/www.julienfournie.com\/en\/wp-content\/uploads\/sites\/4\/2024\/04\/Capture-decran-2024-04-21-a-12.15.58.png 1372w\" sizes=\"auto, (max-width: 1200px) 100vw, 1200px\" title=\"\"><\/a><\/figure>\n\n<h6 style=\"font-style:normal;font-weight:300;\" class=\"wp-block-post-title has-small-font-size\"><a href=\"https:\/\/www.julienfournie.com\/en\/fashion-foward-first-vamps-haute-couture\/\" target=\"_blank\" >Fashion Foward : First Vamps Haute Couture collection.<\/a><\/h6>\n<\/li><li class=\"wp-block-post post-14664 post type-post status-publish format-standard has-post-thumbnail hentry category-fashion category-reports\">\n<figure class=\"alignwide wp-block-post-featured-image\"><a href=\"https:\/\/www.julienfournie.com\/en\/julien-fournie-paula-wallace-haute-couture\/\" target=\"_blank\"  ><img loading=\"lazy\" decoding=\"async\" width=\"1200\" height=\"675\" src=\"https:\/\/www.julienfournie.com\/en\/wp-content\/uploads\/sites\/4\/2023\/12\/julien-fournie-fashions-super-dr-1-1200x675.jpg\" class=\"attachment-post-thumbnail size-post-thumbnail wp-post-image\" alt=\"An exclusive interview with Julien Fourni\u00e9 by Paula Wallace\" style=\"object-fit:cover;\" srcset=\"https:\/\/www.julienfournie.com\/en\/wp-content\/uploads\/sites\/4\/2023\/12\/julien-fournie-fashions-super-dr-1-1200x675.jpg 1200w, https:\/\/www.julienfournie.com\/en\/wp-content\/uploads\/sites\/4\/2023\/12\/julien-fournie-fashions-super-dr-1-300x169.jpg 300w, https:\/\/www.julienfournie.com\/en\/wp-content\/uploads\/sites\/4\/2023\/12\/julien-fournie-fashions-super-dr-1-1024x576.jpg 1024w, https:\/\/www.julienfournie.com\/en\/wp-content\/uploads\/sites\/4\/2023\/12\/julien-fournie-fashions-super-dr-1-768x432.jpg 768w, https:\/\/www.julienfournie.com\/en\/wp-content\/uploads\/sites\/4\/2023\/12\/julien-fournie-fashions-super-dr-1-600x338.jpg 600w, https:\/\/www.julienfournie.com\/en\/wp-content\/uploads\/sites\/4\/2023\/12\/julien-fournie-fashions-super-dr-1.jpg 1280w\" sizes=\"auto, (max-width: 1200px) 100vw, 1200px\" title=\"\"><\/a><\/figure>\n\n<h6 style=\"font-style:normal;font-weight:300;\" class=\"wp-block-post-title has-small-font-size\"><a href=\"https:\/\/www.julienfournie.com\/en\/julien-fournie-paula-wallace-haute-couture\/\" target=\"_blank\" >An exclusive interview with Julien Fourni\u00e9 by Paula Wallace<\/a><\/h6>\n<\/li><li class=\"wp-block-post post-14127 post type-post status-publish format-standard has-post-thumbnail hentry category-in-the-press category-reports\">\n<figure class=\"alignwide wp-block-post-featured-image\"><a href=\"https:\/\/www.julienfournie.com\/en\/videos-haute-couture-collection\/\" target=\"_blank\"  ><img loading=\"lazy\" decoding=\"async\" width=\"1024\" height=\"620\" src=\"https:\/\/www.julienfournie.com\/en\/wp-content\/uploads\/sites\/4\/2023\/11\/Fashion-Report-First-Shield-Julien-Fournie-Haute-Couture-Collection.png\" class=\"attachment-post-thumbnail size-post-thumbnail wp-post-image\" alt=\"Fashion Report : videos about First Shield Haute Couture Collection\" style=\"object-fit:cover;\" srcset=\"https:\/\/www.julienfournie.com\/en\/wp-content\/uploads\/sites\/4\/2023\/11\/Fashion-Report-First-Shield-Julien-Fournie-Haute-Couture-Collection.png 1024w, https:\/\/www.julienfournie.com\/en\/wp-content\/uploads\/sites\/4\/2023\/11\/Fashion-Report-First-Shield-Julien-Fournie-Haute-Couture-Collection-300x182.png 300w, https:\/\/www.julienfournie.com\/en\/wp-content\/uploads\/sites\/4\/2023\/11\/Fashion-Report-First-Shield-Julien-Fournie-Haute-Couture-Collection-768x465.png 768w, https:\/\/www.julienfournie.com\/en\/wp-content\/uploads\/sites\/4\/2023\/11\/Fashion-Report-First-Shield-Julien-Fournie-Haute-Couture-Collection-600x363.png 600w\" sizes=\"auto, (max-width: 1024px) 100vw, 1024px\" title=\"\"><\/a><\/figure>\n\n<h6 style=\"font-style:normal;font-weight:300;\" class=\"wp-block-post-title has-small-font-size\"><a href=\"https:\/\/www.julienfournie.com\/en\/videos-haute-couture-collection\/\" target=\"_blank\" >Fashion Report : videos about First Shield Haute Couture Collection<\/a><\/h6>\n<\/li><li class=\"wp-block-post post-13429 post type-post status-publish format-standard has-post-thumbnail hentry category-behind-the-scenes-of-the-julien-fournie-house category-fashion category-reports tag-haute-couture tag-haute-couture-dress tag-haute-couture-film tag-julien-fournie tag-pubg-mobile tag-video-games\">\n<figure class=\"alignwide wp-block-post-featured-image\"><a href=\"https:\/\/www.julienfournie.com\/en\/julien-fournie-haute-couture-scadtv\/\" target=\"_blank\"  ><img loading=\"lazy\" decoding=\"async\" width=\"768\" height=\"431\" src=\"https:\/\/www.julienfournie.com\/en\/wp-content\/uploads\/sites\/4\/2023\/09\/Julien-Fournie-Haute-Couture-video.jpg\" class=\"attachment-post-thumbnail size-post-thumbnail wp-post-image\" alt=\"Julien Fourni\u00e9 Haute Couture, the story\" style=\"object-fit:cover;\" srcset=\"https:\/\/www.julienfournie.com\/en\/wp-content\/uploads\/sites\/4\/2023\/09\/Julien-Fournie-Haute-Couture-video.jpg 768w, https:\/\/www.julienfournie.com\/en\/wp-content\/uploads\/sites\/4\/2023\/09\/Julien-Fournie-Haute-Couture-video-300x168.jpg 300w, https:\/\/www.julienfournie.com\/en\/wp-content\/uploads\/sites\/4\/2023\/09\/Julien-Fournie-Haute-Couture-video-600x337.jpg 600w\" sizes=\"auto, (max-width: 768px) 100vw, 768px\" title=\"\"><\/a><\/figure>\n\n<h6 style=\"font-style:normal;font-weight:300;\" class=\"wp-block-post-title has-small-font-size\"><a href=\"https:\/\/www.julienfournie.com\/en\/julien-fournie-haute-couture-scadtv\/\" target=\"_blank\" >Julien Fourni\u00e9 Haute Couture, the story<\/a><\/h6>\n<\/li><li class=\"wp-block-post post-13407 post type-post status-publish format-standard hentry category-reports\">\n\n\n<h6 style=\"font-style:normal;font-weight:300;\" class=\"wp-block-post-title has-small-font-size\"><a href=\"https:\/\/www.julienfournie.com\/en\/elegant-resistance-paris-haute-couture\/\" target=\"_blank\" >Julien Fournie about his Elegant Resistance, Paris Haute Couture Fall\/Winter 23-24<\/a><\/h6>\n<\/li><li class=\"wp-block-post post-11344 post type-post status-publish format-standard has-post-thumbnail hentry category-in-the-press category-reports tag-haute-couture tag-haute-couture-dress tag-julien-fournie\">\n<figure class=\"alignwide wp-block-post-featured-image\"><a href=\"https:\/\/www.julienfournie.com\/en\/lifestyle-tv-reports-on-the-haute-couture\/\" target=\"_blank\"  ><img loading=\"lazy\" decoding=\"async\" width=\"1024\" height=\"553\" src=\"https:\/\/www.julienfournie.com\/en\/wp-content\/uploads\/sites\/4\/2023\/06\/Capture-decran-2023-06-01-a-15.05.50.png\" class=\"attachment-post-thumbnail size-post-thumbnail wp-post-image\" alt=\"Lifestyle TV magazine on tv.berlin reports on the &#8220;Haute Couture un point c&#8217;est tout&#8221; exhibition in Lacoste\" style=\"object-fit:cover;\" srcset=\"https:\/\/www.julienfournie.com\/en\/wp-content\/uploads\/sites\/4\/2023\/06\/Capture-decran-2023-06-01-a-15.05.50.png 1024w, https:\/\/www.julienfournie.com\/en\/wp-content\/uploads\/sites\/4\/2023\/06\/Capture-decran-2023-06-01-a-15.05.50-300x162.png 300w, https:\/\/www.julienfournie.com\/en\/wp-content\/uploads\/sites\/4\/2023\/06\/Capture-decran-2023-06-01-a-15.05.50-768x415.png 768w, https:\/\/www.julienfournie.com\/en\/wp-content\/uploads\/sites\/4\/2023\/06\/Capture-decran-2023-06-01-a-15.05.50-600x324.png 600w\" sizes=\"auto, (max-width: 1024px) 100vw, 1024px\" title=\"\"><\/a><\/figure>\n\n<h6 style=\"font-style:normal;font-weight:300;\" class=\"wp-block-post-title has-small-font-size\"><a href=\"https:\/\/www.julienfournie.com\/en\/lifestyle-tv-reports-on-the-haute-couture\/\" target=\"_blank\" >Lifestyle TV magazine on tv.berlin reports on the &#8220;Haute Couture un point c&#8217;est tout&#8221; exhibition in Lacoste<\/a><\/h6>\n<\/li><li class=\"wp-block-post post-11161 post type-post status-publish format-standard has-post-thumbnail hentry category-reports tag-haute-couture tag-julien-fournie\">\n<figure class=\"alignwide wp-block-post-featured-image\"><a href=\"https:\/\/www.julienfournie.com\/en\/a-trip-to-provence-with-julien-fournie\/\" target=\"_blank\"  ><img loading=\"lazy\" decoding=\"async\" width=\"1024\" height=\"633\" src=\"https:\/\/www.julienfournie.com\/en\/wp-content\/uploads\/sites\/4\/2023\/04\/julien-fournie-a-Lacoste-en-Provence.png\" class=\"attachment-post-thumbnail size-post-thumbnail wp-post-image\" alt=\"A trip in Provence with Julien Fourni\u00e9\" style=\"object-fit:cover;\" srcset=\"https:\/\/www.julienfournie.com\/en\/wp-content\/uploads\/sites\/4\/2023\/04\/julien-fournie-a-Lacoste-en-Provence.png 1024w, https:\/\/www.julienfournie.com\/en\/wp-content\/uploads\/sites\/4\/2023\/04\/julien-fournie-a-Lacoste-en-Provence-300x185.png 300w, https:\/\/www.julienfournie.com\/en\/wp-content\/uploads\/sites\/4\/2023\/04\/julien-fournie-a-Lacoste-en-Provence-768x475.png 768w, https:\/\/www.julienfournie.com\/en\/wp-content\/uploads\/sites\/4\/2023\/04\/julien-fournie-a-Lacoste-en-Provence-600x371.png 600w\" sizes=\"auto, (max-width: 1024px) 100vw, 1024px\" title=\"\"><\/a><\/figure>\n\n<h6 style=\"font-style:normal;font-weight:300;\" class=\"wp-block-post-title has-small-font-size\"><a href=\"https:\/\/www.julienfournie.com\/en\/a-trip-to-provence-with-julien-fournie\/\" target=\"_blank\" >A trip in Provence with Julien Fourni\u00e9<\/a><\/h6>\n<\/li><li class=\"wp-block-post post-11128 post type-post status-publish format-standard has-post-thumbnail hentry category-reports tag-embroideries tag-fashion-show tag-haute-couture tag-haute-couture-dress tag-julien-fournie\">\n<figure class=\"alignwide wp-block-post-featured-image\"><a href=\"https:\/\/www.julienfournie.com\/en\/embroideries-haute-couture-ss-23\/\" target=\"_blank\"  ><img loading=\"lazy\" decoding=\"async\" width=\"1024\" height=\"602\" src=\"https:\/\/www.julienfournie.com\/en\/wp-content\/uploads\/sites\/4\/2023\/04\/julien-fournie-embroderies.png\" class=\"attachment-post-thumbnail size-post-thumbnail wp-post-image\" alt=\"Fashion Forward : Julien Fournie\u0301 and Chetan Desai\" style=\"object-fit:cover;\" srcset=\"https:\/\/www.julienfournie.com\/en\/wp-content\/uploads\/sites\/4\/2023\/04\/julien-fournie-embroderies.png 1024w, https:\/\/www.julienfournie.com\/en\/wp-content\/uploads\/sites\/4\/2023\/04\/julien-fournie-embroderies-300x176.png 300w, https:\/\/www.julienfournie.com\/en\/wp-content\/uploads\/sites\/4\/2023\/04\/julien-fournie-embroderies-768x452.png 768w, https:\/\/www.julienfournie.com\/en\/wp-content\/uploads\/sites\/4\/2023\/04\/julien-fournie-embroderies-600x353.png 600w\" sizes=\"auto, (max-width: 1024px) 100vw, 1024px\" title=\"\"><\/a><\/figure>\n\n<h6 style=\"font-style:normal;font-weight:300;\" class=\"wp-block-post-title has-small-font-size\"><a href=\"https:\/\/www.julienfournie.com\/en\/embroideries-haute-couture-ss-23\/\" target=\"_blank\" >Fashion Forward : Julien Fournie\u0301 and Chetan Desai<\/a><\/h6>\n<\/li><li class=\"wp-block-post post-10244 post type-post status-publish format-standard has-post-thumbnail hentry category-reports tag-fashion-show tag-julien-fournie\">\n<figure class=\"alignwide wp-block-post-featured-image\"><a href=\"https:\/\/www.julienfournie.com\/en\/lingerie-special-on-france-24\/\" target=\"_blank\"  ><img loading=\"lazy\" decoding=\"async\" width=\"1024\" height=\"574\" src=\"https:\/\/www.julienfournie.com\/en\/wp-content\/uploads\/sites\/4\/2023\/02\/lingerie-haute-couture.png\" class=\"attachment-post-thumbnail size-post-thumbnail wp-post-image\" alt=\"Lingerie special on France 24\" style=\"object-fit:cover;\" srcset=\"https:\/\/www.julienfournie.com\/en\/wp-content\/uploads\/sites\/4\/2023\/02\/lingerie-haute-couture.png 1024w, https:\/\/www.julienfournie.com\/en\/wp-content\/uploads\/sites\/4\/2023\/02\/lingerie-haute-couture-300x168.png 300w, https:\/\/www.julienfournie.com\/en\/wp-content\/uploads\/sites\/4\/2023\/02\/lingerie-haute-couture-768x431.png 768w, https:\/\/www.julienfournie.com\/en\/wp-content\/uploads\/sites\/4\/2023\/02\/lingerie-haute-couture-600x336.png 600w\" sizes=\"auto, (max-width: 1024px) 100vw, 1024px\" title=\"\"><\/a><\/figure>\n\n<h6 style=\"font-style:normal;font-weight:300;\" class=\"wp-block-post-title has-small-font-size\"><a href=\"https:\/\/www.julienfournie.com\/en\/lingerie-special-on-france-24\/\" target=\"_blank\" >Lingerie special on France 24<\/a><\/h6>\n<\/li><li class=\"wp-block-post post-10238 post type-post status-publish format-standard has-post-thumbnail hentry category-reports tag-fashion-show tag-julien-fournie\">\n<figure class=\"alignwide wp-block-post-featured-image\"><a href=\"https:\/\/www.julienfournie.com\/en\/fashion-report-haute-couture-ss-23\/\" target=\"_blank\"  ><img loading=\"lazy\" decoding=\"async\" width=\"640\" height=\"360\" src=\"https:\/\/www.julienfournie.com\/en\/wp-content\/uploads\/sites\/4\/2023\/02\/fashion-forward-pfw-haute-coutur.jpg\" class=\"attachment-post-thumbnail size-post-thumbnail wp-post-image\" alt=\"Fashion Report Haute Couture SS 23\" style=\"object-fit:cover;\" srcset=\"https:\/\/www.julienfournie.com\/en\/wp-content\/uploads\/sites\/4\/2023\/02\/fashion-forward-pfw-haute-coutur.jpg 640w, https:\/\/www.julienfournie.com\/en\/wp-content\/uploads\/sites\/4\/2023\/02\/fashion-forward-pfw-haute-coutur-300x169.jpg 300w, https:\/\/www.julienfournie.com\/en\/wp-content\/uploads\/sites\/4\/2023\/02\/fashion-forward-pfw-haute-coutur-600x338.jpg 600w\" sizes=\"auto, (max-width: 640px) 100vw, 640px\" title=\"\"><\/a><\/figure>\n\n<h6 style=\"font-style:normal;font-weight:300;\" class=\"wp-block-post-title has-small-font-size\"><a href=\"https:\/\/www.julienfournie.com\/en\/fashion-report-haute-couture-ss-23\/\" target=\"_blank\" >Fashion Report Haute Couture SS 23<\/a><\/h6>\n<\/li><li class=\"wp-block-post post-10253 post type-post status-publish format-standard has-post-thumbnail hentry category-reports\">\n<figure class=\"alignwide wp-block-post-featured-image\"><a href=\"https:\/\/www.julienfournie.com\/en\/julien-fournie-leute-heute-haute-couture\/\" target=\"_blank\"  ><img loading=\"lazy\" decoding=\"async\" width=\"1024\" height=\"548\" src=\"https:\/\/www.julienfournie.com\/en\/wp-content\/uploads\/sites\/4\/2023\/02\/ZDF-Leute-heute-vom-30.-Januar-2023.png\" class=\"attachment-post-thumbnail size-post-thumbnail wp-post-image\" alt=\"Julien Fourni\u00e9 in Leute Heute\" style=\"object-fit:cover;\" srcset=\"https:\/\/www.julienfournie.com\/en\/wp-content\/uploads\/sites\/4\/2023\/02\/ZDF-Leute-heute-vom-30.-Januar-2023.png 1024w, https:\/\/www.julienfournie.com\/en\/wp-content\/uploads\/sites\/4\/2023\/02\/ZDF-Leute-heute-vom-30.-Januar-2023-300x161.png 300w, https:\/\/www.julienfournie.com\/en\/wp-content\/uploads\/sites\/4\/2023\/02\/ZDF-Leute-heute-vom-30.-Januar-2023-768x411.png 768w, https:\/\/www.julienfournie.com\/en\/wp-content\/uploads\/sites\/4\/2023\/02\/ZDF-Leute-heute-vom-30.-Januar-2023-600x321.png 600w\" sizes=\"auto, (max-width: 1024px) 100vw, 1024px\" title=\"\"><\/a><\/figure>\n\n<h6 style=\"font-style:normal;font-weight:300;\" class=\"wp-block-post-title has-small-font-size\"><a href=\"https:\/\/www.julienfournie.com\/en\/julien-fournie-leute-heute-haute-couture\/\" target=\"_blank\" >Julien Fourni\u00e9 in Leute Heute<\/a><\/h6>\n<\/li><\/ul><\/div>\n\n\n\n<div class=\"wp-block-columns alignwide is-layout-flex wp-container-core-columns-is-layout-28f84493 wp-block-columns-is-layout-flex\">\n<div class=\"wp-block-column is-layout-flow wp-block-column-is-layout-flow\" style=\"flex-basis:33.33%\">\n<h6 class=\"wp-block-heading\" style=\"font-style:normal;font-weight:300\">Fashion Forward report Julien Fourni\u00e9 Haute Couture FW 2022<\/h6>\n\n\n\n<p>Julien Fourni\u00e9 backstage on his First Creatures Haute Couture runway show\u2026 featuring interviews of Julien Fourni\u00e9, Michaela Tomanova, China Moses, H\u00e9lo\u00efse Mas, Erminie Blondel, Jack Merrick Thirlway, Nicolas Degennes\u2026..<\/p>\n<\/div>\n\n\n\n<div class=\"wp-block-column is-layout-flow wp-block-column-is-layout-flow\" style=\"flex-basis:66.66%\">\n<figure class=\"wp-block-embed is-type-video is-provider-vimeo wp-block-embed-vimeo wp-embed-aspect-16-9 wp-has-aspect-ratio\"><div class=\"wp-block-embed__wrapper\">\n<iframe loading=\"lazy\" title=\"Fashion Forward report Julien Fourni\u00e9 Haute Couture FW 2022\" src=\"https:\/\/player.vimeo.com\/video\/744664037?dnt=1&amp;app_id=122963\" width=\"500\" height=\"281\" frameborder=\"0\" allow=\"autoplay; fullscreen; picture-in-picture; clipboard-write; encrypted-media; web-share\"><\/iframe>\n<\/div><\/figure>\n<\/div>\n<\/div>\n\n\n\n<div class=\"wp-block-columns alignwide is-layout-flex wp-container-core-columns-is-layout-28f84493 wp-block-columns-is-layout-flex\">\n<div class=\"wp-block-column is-layout-flow wp-block-column-is-layout-flow\" style=\"flex-basis:33.33%\">\n<h6 class=\"wp-block-heading\" style=\"font-style:normal;font-weight:300\">Julien Fourni\u00e9 talks about the First Creatures Haute Couture collection<\/h6>\n\n\n\n<p>In an <a href=\"https:\/\/www.youtube.com\/watch?v=JN3Jb-bm73o\" target=\"_blank\" rel=\"noreferrer noopener\">interview with Backstage<\/a>, Julien Fourni\u00e9 explains the genesis of the <a href=\"https:\/\/www.julienfournie.com\/en\/haute-couture-fw-2022-first-creatures\/\" data-type=\"page\" data-id=\"6104\">First Creatures Haute Couture collection<\/a> that marked <a href=\"https:\/\/backstage-fca.com\/julien-fournie-23\/\" target=\"_blank\" rel=\"noopener\">his return on the catwalk<\/a> after a two-year absence due to the health crisis.<\/p>\n<\/div>\n\n\n\n<div class=\"wp-block-column is-layout-flow wp-block-column-is-layout-flow\" style=\"flex-basis:66.66%\">\n<figure class=\"wp-block-embed is-type-video is-provider-youtube wp-block-embed-youtube wp-embed-aspect-16-9 wp-has-aspect-ratio\"><div class=\"wp-block-embed__wrapper\">\n<iframe loading=\"lazy\" title=\"Julien Fourni\u00e9 First Creatures Fall Winter 2022\/2023 #fashion #hautecouture #runway #fashionweek\" width=\"500\" height=\"281\" src=\"https:\/\/www.youtube.com\/embed\/JN3Jb-bm73o?feature=oembed\" frameborder=\"0\" allow=\"accelerometer; autoplay; clipboard-write; encrypted-media; gyroscope; picture-in-picture; web-share\" referrerpolicy=\"strict-origin-when-cross-origin\" allowfullscreen><\/iframe>\n<\/div><\/figure>\n<\/div>\n<\/div>\n\n\n\n<div class=\"wp-block-columns alignwide is-layout-flex wp-container-core-columns-is-layout-28f84493 wp-block-columns-is-layout-flex\">\n<div class=\"wp-block-column is-layout-flow wp-block-column-is-layout-flow\" style=\"flex-basis:33.33%\">\n<h6 class=\"wp-block-heading\" style=\"font-style:normal;font-weight:300\">Fashion Forward Paris Fashion Week Haute Couture AW 22 23 Highlights<\/h6>\n\n\n\n<p>The review of the best Haute Couture fashion shows with the First Creatures collection by Julien Fourni\u00e9.<\/p>\n<\/div>\n\n\n\n<div class=\"wp-block-column is-layout-flow wp-block-column-is-layout-flow\" style=\"flex-basis:66.66%\">\n<figure class=\"wp-block-embed is-type-video is-provider-vimeo wp-block-embed-vimeo wp-embed-aspect-16-9 wp-has-aspect-ratio\"><div class=\"wp-block-embed__wrapper\">\n<iframe loading=\"lazy\" title=\"Fashion Forward PFW Haute Couture AW 22 23 Highlights\" src=\"https:\/\/player.vimeo.com\/video\/731656339?h=15c8309b5a&amp;dnt=1&amp;app_id=122963\" width=\"500\" height=\"281\" frameborder=\"0\" allow=\"autoplay; fullscreen; picture-in-picture; clipboard-write; encrypted-media; web-share\"><\/iframe>\n<\/div><\/figure>\n<\/div>\n<\/div>\n\n\n\n<div class=\"wp-block-columns alignwide is-layout-flex wp-container-core-columns-is-layout-28f84493 wp-block-columns-is-layout-flex\">\n<div class=\"wp-block-column is-layout-flow wp-block-column-is-layout-flow\" style=\"flex-basis:33.33%\">\n<h6 class=\"wp-block-heading\" style=\"font-style:normal;font-weight:300\">Julien Fourni\u00e9 on Fashion Channel<\/h6>\n\n\n\n<p>Just after the fashion show of the <a href=\"https:\/\/www.julienfournie.com\/en\/haute-couture-fw-2022-first-creatures\/\" data-type=\"page\" data-id=\"6104\">Haute Couture collection First Creatures<\/a>, Julien Fourni\u00e9 gave an interview to <a href=\"https:\/\/www.fashionchannel.it\" target=\"_blank\" rel=\"noopener\">Fashion Channel<\/a>, accompanied by the model Alexandra Martinovitch, to talk about his inspirations and the genesis of his return to the catwalk after two years of absence due to a sanitary crisis.<\/p>\n<\/div>\n\n\n\n<div class=\"wp-block-column is-layout-flow wp-block-column-is-layout-flow\" style=\"flex-basis:66.66%\">\n<figure class=\"wp-block-embed is-type-video is-provider-youtube wp-block-embed-youtube wp-embed-aspect-16-9 wp-has-aspect-ratio\"><div class=\"wp-block-embed__wrapper\">\n<iframe loading=\"lazy\" title=\"PARIS HAUTE COUTURE | FASHION WEEK 2022 | JULIEN FOURNI\u00c8 - Fashion Channel Chronicle\" width=\"500\" height=\"281\" src=\"https:\/\/www.youtube.com\/embed\/Zq0RcLU2DF8?feature=oembed\" frameborder=\"0\" allow=\"accelerometer; autoplay; clipboard-write; encrypted-media; gyroscope; picture-in-picture; web-share\" referrerpolicy=\"strict-origin-when-cross-origin\" allowfullscreen><\/iframe>\n<\/div><\/figure>\n<\/div>\n<\/div>\n\n\n\n<div class=\"wp-block-columns alignwide is-layout-flex wp-container-core-columns-is-layout-28f84493 wp-block-columns-is-layout-flex\">\n<div class=\"wp-block-column is-layout-flow wp-block-column-is-layout-flow\" style=\"flex-basis:33.33%\">\n<h6 class=\"wp-block-heading\" style=\"font-style:normal;font-weight:300\">Julien Fourni\u00e9 in Leute Heute<\/h6>\n\n\n\n<p>The magazine <a href=\"https:\/\/www.zdf.de\/nachrichten\/leute-heute\/leute-heute-vom-12-juli-2022-100.html\" target=\"_blank\" rel=\"noreferrer noopener\">Leute Heute<\/a> devoted a long report to Julien Fourni\u00e9 on Monday, July 11, on the occasion of the preparation and presentation of the <a href=\"https:\/\/www.julienfournie.com\/en\/haute-couture-fw-2022-first-creatures\/\" data-type=\"page\" data-id=\"6104\">Haute Couture collection First Creatures<\/a>. The report, in which the designer tells the genesis of the collection, also contains an interview with the German top model Josephine Hamm, who participated in the fashion show.<\/p>\n<\/div>\n\n\n\n<div class=\"wp-block-column is-layout-flow wp-block-column-is-layout-flow\" style=\"flex-basis:66.66%\">\n<figure class=\"wp-block-vimeo-create vimeo-create__video-container\"><div style=\"width:100%\"><iframe class=\"vimeo-core-video\" loading=\"lazy\" src=\"https:\/\/player.vimeo.com\/video\/729867570?autopause=true&amp;autoplay=false&amp;background=false&amp;byline=false&amp;controls=true&amp;dnt=true&amp;loop=false&amp;muted=false&amp;pip=false&amp;playsinline=true&amp;portrait=true&amp;speed=false&amp;title=true&amp;transparent=false\" width=\"1280\" height=\"720\" frameborder=\"0\" allowfullscreen=\"\" title=\"ZDF Leute heute vom 12. Juli 2022\" style=\"max-width:100%;width:100%;height:100%;aspect-ratio:1280 \/ 720\"><\/iframe><\/div><\/figure>\n<\/div>\n<\/div>\n\n\n\n<div class=\"wp-block-columns alignwide is-layout-flex wp-container-core-columns-is-layout-28f84493 wp-block-columns-is-layout-flex\">\n<div class=\"wp-block-column is-layout-flow wp-block-column-is-layout-flow\" style=\"flex-basis:33.33%\">\n<h6 class=\"wp-block-heading\" style=\"font-style:normal;font-weight:300\">\u30aa\u30fc\u30c8\u30af\u30c1\u30e5\u30fc\u30eb\uff1a\u30b8\u30e5\u30ea\u30a2\u30f3\u30fb\u30d5\u30eb\u30cb\u30a8\u304c\u65e5\u672c\u306e\u30c6\u30ec\u30d3\u306b\u767b\u5834 <\/h6>\n\n\n\n<p>NHK\u306e\u30c9\u30ad\u30e5\u30e1\u30f3\u30bf\u30ea\u30fc\u756a\u7d44\u3067\u3001\u30d1\u30ea\u306e\u30aa\u30fc\u30c8\u30af\u30c1\u30e5\u30fc\u30eb\u3092\u7d39\u4ecb\u3057\u305f\u969b\u3001\u30e1\u30be\u30f3\u30fb\u30b8\u30e5\u30ea\u30a2\u30f3\u30fb\u30d5\u30eb\u30cb\u30a8\u304c\u8868\u5f70\u3055\u308c\u307e\u3057\u305f\u3002<\/p>\n\n\n\n<h6 class=\"wp-block-heading\" style=\"font-style:normal;font-weight:300\">Haute Couture: Julien Fourni\u00e9 on Japanese television<\/h6>\n\n\n\n<p><em>In an NHK documentary dedicated to Haute Couture in Paris, the <a href=\"https:\/\/www.julienfournie.com\/en\/house-julien-fournie-haute-couture-paris\/\" data-type=\"page\" data-id=\"1014\">Julien Fourni\u00e9<\/a> was honored.<\/em><\/p>\n<\/div>\n\n\n\n<div class=\"wp-block-column is-layout-flow wp-block-column-is-layout-flow\" style=\"flex-basis:66.66%\">\n<figure class=\"wp-block-vimeo-create vimeo-create__video-container\"><div style=\"width:100%\"><iframe class=\"vimeo-core-video\" loading=\"lazy\" src=\"https:\/\/player.vimeo.com\/video\/716655709?autopause=true&amp;autoplay=false&amp;background=false&amp;byline=true&amp;controls=true&amp;dnt=true&amp;loop=false&amp;muted=false&amp;pip=false&amp;playsinline=true&amp;portrait=true&amp;speed=false&amp;title=true&amp;transparent=false\" width=\"1920\" height=\"1080\" frameborder=\"0\" allowfullscreen=\"\" title=\"NHK Julien Fourni\u00e9 and Haute Couture\" style=\"max-width:100%;width:100%;height:100%;aspect-ratio:1920 \/ 1080\"><\/iframe><\/div><\/figure>\n<\/div>\n<\/div>\n\n\n\n<div class=\"wp-block-columns alignwide is-layout-flex wp-container-core-columns-is-layout-28f84493 wp-block-columns-is-layout-flex\">\n<div class=\"wp-block-column is-layout-flow wp-block-column-is-layout-flow\" style=\"flex-basis:33.33%\">\n<h6 class=\"wp-block-heading\" style=\"font-style:normal;font-weight:300\">Fashion Forward<\/h6>\n\n\n\n<p>A report by Rozemarijn Boeve on Julien Fourni\u00e9&#8217;s latest First Love collection, his collaboration with the video game PUBG Mobile and his vision of fashion in the virtual world.<\/p>\n<\/div>\n\n\n\n<div class=\"wp-block-column is-layout-flow wp-block-column-is-layout-flow\" style=\"flex-basis:66.66%\">\n<figure class=\"wp-block-embed is-type-video is-provider-vimeo wp-block-embed-vimeo wp-embed-aspect-16-9 wp-has-aspect-ratio\"><div class=\"wp-block-embed__wrapper\">\n<iframe loading=\"lazy\" title=\"Fashion Forward - PFW HC SS 2022 - Julien Fourni\u00e9\" src=\"https:\/\/player.vimeo.com\/video\/683186131?h=4351e4aefb&amp;dnt=1&amp;app_id=122963\" width=\"500\" height=\"281\" frameborder=\"0\" allow=\"autoplay; fullscreen; picture-in-picture; clipboard-write; encrypted-media; web-share\"><\/iframe>\n<\/div><\/figure>\n<\/div>\n<\/div>\n\n\n\n<div class=\"wp-block-columns alignwide is-layout-flex wp-container-core-columns-is-layout-28f84493 wp-block-columns-is-layout-flex\">\n<div class=\"wp-block-column is-layout-flow wp-block-column-is-layout-flow\" style=\"flex-basis:33.33%\">\n<h6 class=\"wp-block-heading\" style=\"font-style:normal;font-weight:300\"><strong>French designer Julien Fourni\u00e9 is bringing fashion &amp; technology together<\/strong><\/h6>\n\n\n\n<p>A report by Scoop Network<\/p>\n<\/div>\n\n\n\n<div class=\"wp-block-column is-layout-flow wp-block-column-is-layout-flow\" style=\"flex-basis:66.66%\">\n<figure class=\"wp-block-vimeo-create vimeo-create__video-container\"><div style=\"width:100%\"><iframe class=\"vimeo-core-video\" loading=\"lazy\" src=\"https:\/\/player.vimeo.com\/video\/680112811?autopause=true&amp;autoplay=true&amp;background=true&amp;byline=false&amp;controls=true&amp;dnt=false&amp;loop=true&amp;muted=false&amp;pip=false&amp;playsinline=true&amp;portrait=false&amp;responsive=true&amp;speed=false&amp;title=false&amp;transparent=true\" width=\"1920\" height=\"1080\" frameborder=\"0\" allowfullscreen=\"\" title=\"French designer Julien Fourni\u00e9 is bringing fashion &amp; technology together\" style=\"max-width:100%;width:100%;height:100%;aspect-ratio:1920 \/ 1080\"><\/iframe><\/div><\/figure>\n<\/div>\n<\/div>\n\n\n\n<div class=\"wp-block-columns alignwide is-layout-flex wp-container-core-columns-is-layout-28f84493 wp-block-columns-is-layout-flex\">\n<div class=\"wp-block-column is-vertically-aligned-top is-layout-flow wp-block-column-is-layout-flow\" style=\"flex-basis:33.33%\">\n<h6 class=\"wp-block-heading\" style=\"font-style:normal;font-weight:300\">Leute heute vom 31. Januar 2022<\/h6>\n\n\n\n<p>Julien Fourni\u00e9 pr\u00e4sentiert seine neue Haute-Couture-Kollektion in &#8220;<a href=\"https:\/\/www.zdf.de\/nachrichten\/leute-heute\/leute-heute-vom-31-januar-2022-100.html\" target=\"_blank\" rel=\"noreferrer noopener\">Leute heute<\/a>&#8221; im ZDF. Das People-Magazin berichtet seri\u00f6s, respektvoll und auch gerne mit einem Augenzwinkern. Immer nah dran, pers\u00f6nlich und emotional.<\/p>\n\n\n\n<p>Julien Fourni\u00e9 presents his new haute couture collection in &#8220;Leute heute&#8221; on ZDF. The people magazine reports seriously, respectfully and also with a wink. Always up close, personal and emotional.<\/p>\n\n\n\n<p>Julien Fourni\u00e9 pr\u00e9sente sa nouvelle collection de haute couture dans &#8220;Leute heute&#8221; sur la cha\u00eene allemande ZDF. <\/p>\n<\/div>\n\n\n\n<div class=\"wp-block-column is-layout-flow wp-block-column-is-layout-flow\" style=\"flex-basis:66.66%\">\n<figure class=\"wp-block-vimeo-create vimeo-create__video-container\"><div style=\"width:100%\"><iframe class=\"vimeo-core-video\" loading=\"lazy\" src=\"https:\/\/player.vimeo.com\/video\/672729256?autopause=true&amp;autoplay=false&amp;background=false&amp;byline=false&amp;controls=true&amp;dnt=false&amp;loop=false&amp;muted=false&amp;pip=false&amp;playsinline=true&amp;portrait=false&amp;speed=false&amp;title=false&amp;transparent=true\" width=\"640\" height=\"360\" frameborder=\"0\" allowfullscreen=\"\" title=\"Leute heute vom 31. Januar 2022.mp4\" style=\"max-width:100%;width:100%;height:100%;aspect-ratio:640 \/ 360\"><\/iframe><\/div><figcaption class=\"vimeo-create__video-caption\">Julien Fourni\u00e9 presents his new haute couture collection in &#8220;Leute heute&#8221; on german TV ZDF.<\/figcaption><\/figure>\n<\/div>\n<\/div>\n\n\n\n<!--nextpage-->\n\n\n\n<div class=\"wp-block-columns alignfull is-layout-flex wp-container-core-columns-is-layout-28f84493 wp-block-columns-is-layout-flex\">\n<div class=\"wp-block-column is-layout-flow wp-block-column-is-layout-flow\" style=\"flex-basis:25%\">\n<h6 class=\"wp-block-heading\">ergo sum 27 october<\/h6>\n\n\n\n<p class=\"has-small-font-size\">Report<\/p>\n<\/div>\n\n\n\n<div class=\"wp-block-column is-layout-flow wp-block-column-is-layout-flow\" style=\"flex-basis:66.66%\">\n<blockquote class=\"instagram-media\" data-instgrm-permalink=\"https:\/\/www.instagram.com\/tv\/CVhU2QDl1XQ\/?utm_source=ig_embed&amp;utm_campaign=loading\" data-instgrm-version=\"14\" style=\" background:#FFF; border:0; border-radius:3px; box-shadow:0 0 1px 0 rgba(0,0,0,0.5),0 1px 10px 0 rgba(0,0,0,0.15); margin: 1px; max-width:540px; min-width:326px; padding:0; width:99.375%; width:-webkit-calc(100% - 2px); width:calc(100% - 2px);\"><div style=\"padding:16px;\"> <a href=\"https:\/\/www.instagram.com\/tv\/CVhU2QDl1XQ\/?utm_source=ig_embed&amp;utm_campaign=loading\" style=\" background:#FFFFFF; line-height:0; padding:0 0; text-align:center; text-decoration:none; width:100%;\" target=\"_blank\" rel=\"noopener\"> <div style=\" display: flex; flex-direction: row; align-items: center;\"> <div style=\"background-color: #F4F4F4; border-radius: 50%; flex-grow: 0; height: 40px; margin-right: 14px; width: 40px;\"><\/div> <div style=\"display: flex; flex-direction: column; flex-grow: 1; justify-content: center;\"> <div style=\" background-color: #F4F4F4; border-radius: 4px; flex-grow: 0; height: 14px; margin-bottom: 6px; width: 100px;\"><\/div> <div style=\" background-color: #F4F4F4; border-radius: 4px; flex-grow: 0; height: 14px; width: 60px;\"><\/div><\/div><\/div><div style=\"padding: 19% 0;\"><\/div> <div style=\"display:block; height:50px; margin:0 auto 12px; width:50px;\"><svg width=\"50px\" height=\"50px\" viewBox=\"0 0 60 60\" version=\"1.1\" xmlns=\"https:\/\/www.w3.org\/2000\/svg\" xmlns:xlink=\"https:\/\/www.w3.org\/1999\/xlink\"><g stroke=\"none\" stroke-width=\"1\" fill=\"none\" fill-rule=\"evenodd\"><g transform=\"translate(-511.000000, -20.000000)\" fill=\"#000000\"><g><path d=\"M556.869,30.41 C554.814,30.41 553.148,32.076 553.148,34.131 C553.148,36.186 554.814,37.852 556.869,37.852 C558.924,37.852 560.59,36.186 560.59,34.131 C560.59,32.076 558.924,30.41 556.869,30.41 M541,60.657 C535.114,60.657 530.342,55.887 530.342,50 C530.342,44.114 535.114,39.342 541,39.342 C546.887,39.342 551.658,44.114 551.658,50 C551.658,55.887 546.887,60.657 541,60.657 M541,33.886 C532.1,33.886 524.886,41.1 524.886,50 C524.886,58.899 532.1,66.113 541,66.113 C549.9,66.113 557.115,58.899 557.115,50 C557.115,41.1 549.9,33.886 541,33.886 M565.378,62.101 C565.244,65.022 564.756,66.606 564.346,67.663 C563.803,69.06 563.154,70.057 562.106,71.106 C561.058,72.155 560.06,72.803 558.662,73.347 C557.607,73.757 556.021,74.244 553.102,74.378 C549.944,74.521 548.997,74.552 541,74.552 C533.003,74.552 532.056,74.521 528.898,74.378 C525.979,74.244 524.393,73.757 523.338,73.347 C521.94,72.803 520.942,72.155 519.894,71.106 C518.846,70.057 518.197,69.06 517.654,67.663 C517.244,66.606 516.755,65.022 516.623,62.101 C516.479,58.943 516.448,57.996 516.448,50 C516.448,42.003 516.479,41.056 516.623,37.899 C516.755,34.978 517.244,33.391 517.654,32.338 C518.197,30.938 518.846,29.942 519.894,28.894 C520.942,27.846 521.94,27.196 523.338,26.654 C524.393,26.244 525.979,25.756 528.898,25.623 C532.057,25.479 533.004,25.448 541,25.448 C548.997,25.448 549.943,25.479 553.102,25.623 C556.021,25.756 557.607,26.244 558.662,26.654 C560.06,27.196 561.058,27.846 562.106,28.894 C563.154,29.942 563.803,30.938 564.346,32.338 C564.756,33.391 565.244,34.978 565.378,37.899 C565.522,41.056 565.552,42.003 565.552,50 C565.552,57.996 565.522,58.943 565.378,62.101 M570.82,37.631 C570.674,34.438 570.167,32.258 569.425,30.349 C568.659,28.377 567.633,26.702 565.965,25.035 C564.297,23.368 562.623,22.342 560.652,21.575 C558.743,20.834 556.562,20.326 553.369,20.18 C550.169,20.033 549.148,20 541,20 C532.853,20 531.831,20.033 528.631,20.18 C525.438,20.326 523.257,20.834 521.349,21.575 C519.376,22.342 517.703,23.368 516.035,25.035 C514.368,26.702 513.342,28.377 512.574,30.349 C511.834,32.258 511.326,34.438 511.181,37.631 C511.035,40.831 511,41.851 511,50 C511,58.147 511.035,59.17 511.181,62.369 C511.326,65.562 511.834,67.743 512.574,69.651 C513.342,71.625 514.368,73.296 516.035,74.965 C517.703,76.634 519.376,77.658 521.349,78.425 C523.257,79.167 525.438,79.673 528.631,79.82 C531.831,79.965 532.853,80.001 541,80.001 C549.148,80.001 550.169,79.965 553.369,79.82 C556.562,79.673 558.743,79.167 560.652,78.425 C562.623,77.658 564.297,76.634 565.965,74.965 C567.633,73.296 568.659,71.625 569.425,69.651 C570.167,67.743 570.674,65.562 570.82,62.369 C570.966,59.17 571,58.147 571,50 C571,41.851 570.966,40.831 570.82,37.631\"><\/path><\/g><\/g><\/g><\/svg><\/div><div style=\"padding-top: 8px;\"> <div style=\" color:#3897f0; font-family:Arial,sans-serif; font-size:14px; font-style:normal; font-weight:550; line-height:18px;\">Voir cette publication sur Instagram<\/div><\/div><div style=\"padding: 12.5% 0;\"><\/div> <div style=\"display: flex; flex-direction: row; margin-bottom: 14px; align-items: center;\"><div> <div style=\"background-color: #F4F4F4; border-radius: 50%; height: 12.5px; width: 12.5px; transform: translateX(0px) translateY(7px);\"><\/div> <div style=\"background-color: #F4F4F4; height: 12.5px; transform: rotate(-45deg) translateX(3px) translateY(1px); width: 12.5px; flex-grow: 0; margin-right: 14px; margin-left: 2px;\"><\/div> <div style=\"background-color: #F4F4F4; border-radius: 50%; height: 12.5px; width: 12.5px; transform: translateX(9px) translateY(-18px);\"><\/div><\/div><div style=\"margin-left: 8px;\"> <div style=\" background-color: #F4F4F4; border-radius: 50%; flex-grow: 0; height: 20px; width: 20px;\"><\/div> <div style=\" width: 0; height: 0; border-top: 2px solid transparent; border-left: 6px solid #f4f4f4; border-bottom: 2px solid transparent; transform: translateX(16px) translateY(-4px) rotate(30deg)\"><\/div><\/div><div style=\"margin-left: auto;\"> <div style=\" width: 0px; border-top: 8px solid #F4F4F4; border-right: 8px solid transparent; transform: translateY(16px);\"><\/div> <div style=\" background-color: #F4F4F4; flex-grow: 0; height: 12px; width: 16px; transform: translateY(-4px);\"><\/div> <div style=\" width: 0; height: 0; border-top: 8px solid #F4F4F4; border-left: 8px solid transparent; transform: translateY(-4px) translateX(8px);\"><\/div><\/div><\/div> <div style=\"display: flex; flex-direction: column; flex-grow: 1; justify-content: center; margin-bottom: 24px;\"> <div style=\" background-color: #F4F4F4; border-radius: 4px; flex-grow: 0; height: 14px; margin-bottom: 6px; width: 224px;\"><\/div> <div style=\" background-color: #F4F4F4; border-radius: 4px; flex-grow: 0; height: 14px; width: 144px;\"><\/div><\/div><\/a><p style=\" color:#c9c8cd; font-family:Arial,sans-serif; font-size:14px; line-height:17px; margin-bottom:0; margin-top:8px; overflow:hidden; padding:8px 0 7px; text-align:center; text-overflow:ellipsis; white-space:nowrap;\"><a href=\"https:\/\/www.instagram.com\/tv\/CVhU2QDl1XQ\/?utm_source=ig_embed&amp;utm_campaign=loading\" style=\" color:#c9c8cd; font-family:Arial,sans-serif; font-size:14px; font-style:normal; font-weight:normal; line-height:17px; text-decoration:none;\" target=\"_blank\" rel=\"noopener\">Une publication partag\u00e9e par Julien Fourni\u00e9 (@julienfournie)<\/a><\/p><\/div><\/blockquote> <script async=\"\" src=\"\/\/www.instagram.com\/embed.js\"><\/script>\n<\/div>\n<\/div>\n\n\n\n<div class=\"wp-block-columns alignfull is-layout-flex wp-container-core-columns-is-layout-28f84493 wp-block-columns-is-layout-flex\">\n<div class=\"wp-block-column is-layout-flow wp-block-column-is-layout-flow\" style=\"flex-basis:25%\">\n<h6 class=\"wp-block-heading\">House of Dana 15 juillet 2021<\/h6>\n\n\n\n<p class=\"has-small-font-size\">The fashion interview by the journalist <a href=\"https:\/\/www.houseofdana.com\/a-propos\/\" target=\"_blank\" rel=\"noreferrer noopener\">Dana Tarabey<\/a><\/p>\n<\/div>\n\n\n\n<div class=\"wp-block-column is-layout-flow wp-block-column-is-layout-flow\" style=\"flex-basis:66.66%\">\n<figure class=\"wp-block-embed is-type-video is-provider-youtube wp-block-embed-youtube wp-embed-aspect-16-9 wp-has-aspect-ratio\"><div class=\"wp-block-embed__wrapper\">\n<iframe loading=\"lazy\" title=\"L&#039;INTERVIEW MODE DE JULIEN FOURNI\u00c9\" width=\"500\" height=\"281\" src=\"https:\/\/www.youtube.com\/embed\/LJJDX5_9NfA?feature=oembed\" frameborder=\"0\" allow=\"accelerometer; autoplay; clipboard-write; encrypted-media; gyroscope; picture-in-picture; web-share\" referrerpolicy=\"strict-origin-when-cross-origin\" allowfullscreen><\/iframe>\n<\/div><\/figure>\n\n\n\n<p><\/p>\n<\/div>\n<\/div>\n\n\n\n<div class=\"wp-block-columns alignfull is-layout-flex wp-container-core-columns-is-layout-28f84493 wp-block-columns-is-layout-flex\">\n<div class=\"wp-block-column is-layout-flow wp-block-column-is-layout-flow\" style=\"flex-basis:25%\">\n<h6 class=\"wp-block-heading\">Leute Heute, 15 juillet 2021<\/h6>\n\n\n\n<p>Report<\/p>\n<\/div>\n\n\n\n<div class=\"wp-block-column is-layout-flow wp-block-column-is-layout-flow\" style=\"flex-basis:66.66%\">\n<figure class=\"wp-block-embed is-type-video is-provider-vimeo wp-block-embed-vimeo wp-embed-aspect-16-9 wp-has-aspect-ratio\"><div class=\"wp-block-embed__wrapper\">\n<iframe loading=\"lazy\" title=\"Leute heute vom 15. Juli 2021.mp4\" src=\"https:\/\/player.vimeo.com\/video\/576627311?dnt=1&amp;app_id=122963\" width=\"500\" height=\"281\" frameborder=\"0\" allow=\"autoplay; fullscreen; picture-in-picture; clipboard-write; encrypted-media; web-share\"><\/iframe>\n<\/div><\/figure>\n<\/div>\n<\/div>\n\n\n\n<div class=\"wp-block-columns alignfull is-layout-flex wp-container-core-columns-is-layout-28f84493 wp-block-columns-is-layout-flex\">\n<div class=\"wp-block-column is-layout-flow wp-block-column-is-layout-flow\" style=\"flex-basis:25%\">\n<h6 class=\"wp-block-heading\">D\u00e9mo de Mode Julien Fourni\u00e9 Haute Couture Printemps -\u00c9t\u00e9 2021<\/h6>\n\n\n\n<p>Report<\/p>\n<\/div>\n\n\n\n<div class=\"wp-block-column is-layout-flow wp-block-column-is-layout-flow\" style=\"flex-basis:66.66%\">\n<figure class=\"wp-block-embed is-type-video is-provider-vimeo wp-block-embed-vimeo wp-embed-aspect-16-9 wp-has-aspect-ratio\"><div class=\"wp-block-embed__wrapper\">\n<iframe loading=\"lazy\" title=\"D\u00e9mo de Mode Julien Fourni\u00e9 Haute Couture Printemps -\u00c9t\u00e9 2021\" src=\"https:\/\/player.vimeo.com\/video\/578002902?dnt=1&amp;app_id=122963\" width=\"500\" height=\"281\" frameborder=\"0\" allow=\"autoplay; fullscreen; picture-in-picture; clipboard-write; encrypted-media; web-share\"><\/iframe>\n<\/div><\/figure>\n<\/div>\n<\/div>\n\n\n\n<div class=\"wp-block-columns alignfull is-layout-flex wp-container-core-columns-is-layout-28f84493 wp-block-columns-is-layout-flex\">\n<div class=\"wp-block-column is-layout-flow wp-block-column-is-layout-flow\" style=\"flex-basis:25%\">\n<h6 class=\"wp-block-heading has-small-font-size\">JULIEN Fourni\u00e9 IN THE 20 HOURS JOURNAL FRANCE 2<\/h6>\n\n\n\n<p class=\"has-small-font-size\">The fashion industry also has to deal with the Covid-19 pandemic. Haute couture houses tend to adapt: \u200b\u200bduring this Parisian meeting, which has become increasingly international, 28 houses presented their spring-summer 2021 collection from January 25 to 28, 2021, in digital format only.<\/p>\n<\/div>\n\n\n\n<div class=\"wp-block-column is-layout-flow wp-block-column-is-layout-flow\" style=\"flex-basis:66.66%\">\n<iframe loading=\"lazy\" width=\"560\" height=\"315\" src=\"\/\/embedftv-a.akamaihd.net\/5ebb0ff948d8f3b317500ad35ff18acf\" frameborder=\"0\" scrolling=\"no\" allowfullscreen=\"\"><\/iframe>\n<\/div>\n<\/div>\n\n\n\n<div class=\"wp-block-columns alignfull is-layout-flex wp-container-core-columns-is-layout-28f84493 wp-block-columns-is-layout-flex\">\n<div class=\"wp-block-column is-layout-flow wp-block-column-is-layout-flow\" style=\"flex-basis:25%\">\n<h6 class=\"wp-block-heading\">Julien Fourni\u00e9 dans Tendance XXI (f\u00e9vrier 2021)<\/h6>\n\n\n\n<p class=\"has-small-font-size\">Haute Couture et Pand\u00e9mie On the occasion of Haute Couture Week, Julien Fourni\u00e9 (Grand Couturier), Julien Vermeulen (plumassier), Jean Paul Cauvin (Managing Director of Julien Fourni\u00e9 Haute Couture) responded to journalist Charlotte Daran on the transformation underway in the design and presentation of Haute Couture collections in the face of the Covid-19 pandemic.<\/p>\n<\/div>\n\n\n\n<div class=\"wp-block-column is-layout-flow wp-block-column-is-layout-flow\" style=\"flex-basis:66.66%\">\n<figure class=\"wp-block-embed is-type-video is-provider-vimeo wp-block-embed-vimeo wp-embed-aspect-16-9 wp-has-aspect-ratio\"><div class=\"wp-block-embed__wrapper\">\n<iframe loading=\"lazy\" src=\"https:\/\/player.vimeo.com\/video\/511745185?dnt=1&amp;app_id=122963\" width=\"500\" height=\"281\" frameborder=\"0\" allow=\"autoplay; fullscreen; picture-in-picture; clipboard-write; encrypted-media; web-share\"><\/iframe>\n<\/div><\/figure>\n<\/div>\n<\/div>\n\n\n\n<div class=\"wp-block-columns alignfull is-layout-flex wp-container-core-columns-is-layout-28f84493 wp-block-columns-is-layout-flex\">\n<div class=\"wp-block-column is-layout-flow wp-block-column-is-layout-flow\" style=\"flex-basis:25%\">\n<h6 class=\"wp-block-heading\">Julien Fourni\u00e9 sur France Info <\/h6>\n\n\n\n<p class=\"has-small-font-size\">On January 21, 2021, Julien Fourni\u00e9 was received on France Info for the launch of Haute Couture week<\/p>\n<\/div>\n\n\n\n<div class=\"wp-block-column is-layout-flow wp-block-column-is-layout-flow\" style=\"flex-basis:66.66%\">\n<figure class=\"wp-block-embed is-type-video is-provider-vimeo wp-block-embed-vimeo wp-embed-aspect-16-9 wp-has-aspect-ratio\"><div class=\"wp-block-embed__wrapper\">\n<iframe loading=\"lazy\" title=\"France Info TV du 25012021 JULIEN FOURNIE\" src=\"https:\/\/player.vimeo.com\/video\/504741528?dnt=1&amp;app_id=122963\" width=\"500\" height=\"281\" frameborder=\"0\" allow=\"autoplay; fullscreen; picture-in-picture; clipboard-write; encrypted-media; web-share\"><\/iframe>\n<\/div><\/figure>\n<\/div>\n<\/div>\n\n\n\n<div class=\"wp-block-columns alignfull is-layout-flex wp-container-core-columns-is-layout-28f84493 wp-block-columns-is-layout-flex\">\n<div class=\"wp-block-column is-layout-flow wp-block-column-is-layout-flow\" style=\"flex-basis:25%\">\n<h6 class=\"wp-block-heading\">A Conversation with Julien Fourni\u00e9<\/h6>\n\n\n\n<p>Interview r\u00e9alis\u00e9e par la F\u00e9d\u00e9ration de la Haute Couture et de la mode r\u00e9alis\u00e9e le 27 janvier 2021.<\/p>\n<\/div>\n\n\n\n<div class=\"wp-block-column is-layout-flow wp-block-column-is-layout-flow\" style=\"flex-basis:66.66%\">\n<figure class=\"wp-block-embed is-type-wp-embed is-provider-haute-couture-week wp-block-embed-haute-couture-week wp-embed-aspect-16-9 wp-has-aspect-ratio\"><div class=\"wp-block-embed__wrapper\">\nhttps:\/\/hautecouture.fhcm.paris\/fr\/a-conversation-with-julien-fournie\/\n<\/div><\/figure>\n<\/div>\n<\/div>\n\n\n\n<div class=\"wp-block-columns alignfull is-layout-flex wp-container-core-columns-is-layout-28f84493 wp-block-columns-is-layout-flex\">\n<div class=\"wp-block-column is-layout-flow wp-block-column-is-layout-flow\" style=\"flex-basis:25%\">\n<h6 class=\"wp-block-heading\">Julien Fourni\u00e9 dans Leute Heute du 27 janvier 2021<\/h6>\n<\/div>\n\n\n\n<div class=\"wp-block-column is-layout-flow wp-block-column-is-layout-flow\" style=\"flex-basis:66.66%\">\n<figure class=\"wp-block-embed is-type-video is-provider-vimeo wp-block-embed-vimeo wp-embed-aspect-16-9 wp-has-aspect-ratio\"><div class=\"wp-block-embed__wrapper\">\n<iframe loading=\"lazy\" title=\"Julien Fourni\u00e9 - Leute heute vom 27 Januar 2021\" src=\"https:\/\/player.vimeo.com\/video\/505598147?dnt=1&amp;app_id=122963\" width=\"500\" height=\"281\" frameborder=\"0\" allow=\"autoplay; fullscreen; picture-in-picture; clipboard-write; encrypted-media; web-share\"><\/iframe>\n<\/div><\/figure>\n<\/div>\n<\/div>\n\n\n\n<!--nextpage-->\n\n\n\n<div class=\"wp-block-columns alignfull is-layout-flex wp-container-core-columns-is-layout-28f84493 wp-block-columns-is-layout-flex\">\n<div class=\"wp-block-column is-layout-flow wp-block-column-is-layout-flow\" style=\"flex-basis:25%\">\n<h6 class=\"wp-block-heading\">BEHIND THE SCENES OF THE First Bliss COLLECTION<\/h6>\n<\/div>\n\n\n\n<div class=\"wp-block-column is-layout-flow wp-block-column-is-layout-flow\" style=\"flex-basis:66.66%\">\n<figure class=\"wp-block-embed is-type-video is-provider-vimeo wp-block-embed-vimeo wp-embed-aspect-16-9 wp-has-aspect-ratio\"><div class=\"wp-block-embed__wrapper\">\n<iframe loading=\"lazy\" title=\"JULIEN FOURNIE Haute Couture SS19 First Bliss_Premiere Plenitude collection\" src=\"https:\/\/player.vimeo.com\/video\/364462917?dnt=1&amp;app_id=122963\" width=\"500\" height=\"281\" frameborder=\"0\" allow=\"autoplay; fullscreen; picture-in-picture; clipboard-write; encrypted-media; web-share\"><\/iframe>\n<\/div><\/figure>\n<\/div>\n<\/div>\n\n\n\n<div class=\"wp-block-columns alignfull is-layout-flex wp-container-core-columns-is-layout-28f84493 wp-block-columns-is-layout-flex\">\n<div class=\"wp-block-column is-layout-flow wp-block-column-is-layout-flow\" style=\"flex-basis:25%\">\n<h6 class=\"wp-block-heading\">Julien Fourni\u00e9 and high tech<\/h6>\n\n\n\n<p class=\"has-small-font-size\">Haute Couture designer Julien Fourni\u00e9 describes how new technology is helping him change the future of Haute Couture in an interview with Maiken Lorentz , for a Dubai-based TV channel \u2026 fashion One TV.<br>Yhorugh his patnerships with Dassault Syst\u00e8mes for 3D design, with Apple for IPad Pro and with centric SOftware for PLM, Juien Fourni\u00e9 sees the future of fashion faster and better in a world where eco-responsibility has to become a concern for all of us.<\/p>\n<\/div>\n\n\n\n<div class=\"wp-block-column is-layout-flow wp-block-column-is-layout-flow\" style=\"flex-basis:66.66%\">\n<figure class=\"wp-block-embed is-type-video is-provider-vimeo wp-block-embed-vimeo wp-embed-aspect-16-9 wp-has-aspect-ratio\"><div class=\"wp-block-embed__wrapper\">\n<iframe loading=\"lazy\" title=\"Julien Fourni\u00e9 : Haute Couture and New Tech\" src=\"https:\/\/player.vimeo.com\/video\/343920968?dnt=1&amp;app_id=122963\" width=\"500\" height=\"281\" frameborder=\"0\" allow=\"autoplay; fullscreen; picture-in-picture; clipboard-write; encrypted-media; web-share\"><\/iframe>\n<\/div><\/figure>\n<\/div>\n<\/div>\n\n\n\n<div class=\"wp-block-columns alignfull is-layout-flex wp-container-core-columns-is-layout-28f84493 wp-block-columns-is-layout-flex\">\n<div class=\"wp-block-column is-layout-flow wp-block-column-is-layout-flow\" style=\"flex-basis:25%\">\n<h6 class=\"wp-block-heading\">Demo de Mode on TV5 Monde <\/h6>\n\n\n\n<p class=\"has-small-font-size\">In her program broadcast on TV5 Monde, Vivianne Blassel receives Julien Fourni\u00e9, one of the fifteen great couturiers. Between the images of his Spring-Summer 2019 show entitled &#8220;Premi\u00e8re Pl\u00e9nitude&#8221;, Julien Fourni\u00e9 confides to Vivianne Blassel his passion for new technologies, their compatibility with the craftsmanship of Haute Couture, tells him about Haute Couture customers of his Maison, of women of destiny, and of his joy at being an independent couturier.<\/p>\n<\/div>\n\n\n\n<div class=\"wp-block-column is-layout-flow wp-block-column-is-layout-flow\" style=\"flex-basis:66.66%\">\n<figure class=\"wp-block-embed is-type-video is-provider-vimeo wp-block-embed-vimeo wp-embed-aspect-16-9 wp-has-aspect-ratio\"><div class=\"wp-block-embed__wrapper\">\n<iframe loading=\"lazy\" title=\"D\u00e9mo de Mode : Viviane Blassel re\u00e7oit Julien Fournie\u0301 sur tv5 monde 0419\" src=\"https:\/\/player.vimeo.com\/video\/341744485?dnt=1&amp;app_id=122963\" width=\"500\" height=\"281\" frameborder=\"0\" allow=\"autoplay; fullscreen; picture-in-picture; clipboard-write; encrypted-media; web-share\"><\/iframe>\n<\/div><\/figure>\n<\/div>\n<\/div>\n\n\n\n<div class=\"wp-block-columns alignfull is-layout-flex wp-container-core-columns-is-layout-28f84493 wp-block-columns-is-layout-flex\">\n<div class=\"wp-block-column is-layout-flow wp-block-column-is-layout-flow\" style=\"flex-basis:25%\">\n<h6 class=\"wp-block-heading\">Dans l&#8217;atelier geek de Julien Fourni\u00e9 LCI<\/h6>\n\n\n\n<p>Le couturier Julien Fourni\u00e9 nous a ouvert les portes de son atelier parisien. L&#8217;occasion de d\u00e9couvrir les technologies que le styliste fran\u00e7ais de 43 ans a utilis\u00e9 pour cr\u00e9er sa derni\u00e8re collection.<\/p>\n<\/div>\n\n\n\n<div class=\"wp-block-column is-layout-flow wp-block-column-is-layout-flow\" style=\"flex-basis:66.66%\">\n<figure class=\"wp-block-embed is-type-video is-provider-youtube wp-block-embed-youtube wp-embed-aspect-16-9 wp-has-aspect-ratio\"><div class=\"wp-block-embed__wrapper\">\n<iframe loading=\"lazy\" title=\"VID\u00c9O 360 - Dans l&#039;atelier du styliste geek Julien Fourni\u00e9\" width=\"500\" height=\"281\" src=\"https:\/\/www.youtube.com\/embed\/sKVftWuuBvk?feature=oembed\" frameborder=\"0\" allow=\"accelerometer; autoplay; clipboard-write; encrypted-media; gyroscope; picture-in-picture; web-share\" referrerpolicy=\"strict-origin-when-cross-origin\" allowfullscreen><\/iframe>\n<\/div><\/figure>\n<\/div>\n<\/div>\n\n\n\n<div class=\"wp-block-columns alignfull is-layout-flex wp-container-core-columns-is-layout-28f84493 wp-block-columns-is-layout-flex\">\n<div class=\"wp-block-column is-layout-flow wp-block-column-is-layout-flow\" style=\"flex-basis:25%\">\n<h6 class=\"wp-block-heading\">Julien Fourni\u00e9 Haute Couture at Gala French Touch 2018 WARSAW (Poland)<\/h6>\n\n\n\n<p>The Julien Fourni\u00e9 Haute Couture runway show as it took place on October 2nd, 2018 at Teatr Wielki &#8211; Opera Narodowa in Warsaw (Poland) as part of the French Touch gala evening. And as it was broadcasted on Polish TV channel TVN last Sunday evening. It features an interview in French and Polish of Julien Fourni\u00e9 by the energetic Marcin Prokop and the delightful Anna Kalczy\u0144ska. French Touch promotes French culture and &#8220;art de vivre&#8221; in Poland. Thanks to all the Polish models who took part including Kasia Kaca, Natalia Napieralska, Magdalena Fiolka, Beata Bocian , Agnieszka Szastak, Anna Zalevskaya, Izabela Sipko, Gaja Sobol, Martinika Zamkovska and , of course to Daniel Teboul, Emeline Krief, Agnieszka Sta\u0144czyk, Sylwia Sasal and to all French and Polish participating artists. Enjoy !<\/p>\n<\/div>\n\n\n\n<div class=\"wp-block-column is-layout-flow wp-block-column-is-layout-flow\" style=\"flex-basis:66.66%\">\n<figure class=\"wp-block-embed is-type-video is-provider-vimeo wp-block-embed-vimeo wp-embed-aspect-16-9 wp-has-aspect-ratio\"><div class=\"wp-block-embed__wrapper\">\n<iframe loading=\"lazy\" title=\"Julien Fournie\u0301 Haute Couture at Gala French Touch 2018 WARSAW (Poland)\" src=\"https:\/\/player.vimeo.com\/video\/294675901?dnt=1&amp;app_id=122963\" width=\"500\" height=\"281\" frameborder=\"0\" allow=\"autoplay; fullscreen; picture-in-picture; clipboard-write; encrypted-media; web-share\"><\/iframe>\n<\/div><\/figure>\n<\/div>\n<\/div>\n\n\n\n<div class=\"wp-block-columns alignfull is-layout-flex wp-container-core-columns-is-layout-28f84493 wp-block-columns-is-layout-flex\">\n<div class=\"wp-block-column is-layout-flow wp-block-column-is-layout-flow\" style=\"flex-basis:25%\">\n<h6 class=\"wp-block-heading\">\u0627\u0644\u0623\u0632\u064a\u0627\u0621 \u0627\u0644\u0622\u0633\u064a\u0648\u064a\u0629 \u062a\u0644\u0647\u0645 \u0627\u0644\u0645\u0635\u0645\u0645 \u0627\u0644\u0641\u0631\u0646\u0633\u064a \u062c\u0648\u0644\u064a\u0627\u0646 \u0641\u0648\u0631\u0646\u064a\u064a France 24<\/h6>\n\n\n\n<p>\u0622\u062e\u0631 \u062a\u062d\u062f\u064a\u062b : 24\/04\/2018<br>\u0627\u0644\u0623\u0632\u064a\u0627\u0621 \u0627\u0644\u0622\u0633\u064a\u0648\u064a\u0629 \u062a\u0644\u0647\u0645 \u0627\u0644\u0645\u0635\u0645\u0645 \u0627\u0644\u0641\u0631\u0646\u0633\u064a \u062c\u0648\u0644\u064a\u0627\u0646 \u0641\u0648\u0631\u0646\u064a\u064a<br>\u0627\u0634\u062a\u0631\u0643 \u0645\u062c\u0627\u0646\u0627 \u0641\u064a \u0642\u0646\u0627\u062a\u0646\u0627 \u0644\u0644\u0641\u064a\u062f\u064a\u0648!<br>\u064a\u0633\u062a\u0644\u0647\u0645 \u0645\u0635\u0645\u0645 \u0627\u0644\u0623\u0632\u064a\u0627\u0621 \u0627\u0644\u0628\u0627\u0631\u064a\u0633\u064a \u062c\u0648\u0644\u064a\u0627\u0646 \u0641\u0648\u0631\u0646\u064a\u064a \u0627\u0644\u0623\u0632\u064a\u0627\u0621 \u0627\u0644\u0622\u0633\u064a\u0648\u064a\u0629 \u0641\u064a \u062a\u0634\u0643\u064a\u0644\u062a\u0647 \u0644\u0635\u064a\u0641 2018. \u062a\u0633\u0644\u0637 \u0647\u0630\u0647 \u0627\u0644\u062d\u0644\u0642\u0629 \u0645\u0646 \u0645\u0648\u0636\u0629 \u0627\u0644\u0636\u0648\u0621 \u0639\u0644\u0649 \u0645\u0635\u0645\u0645 \u0627\u0644\u0623\u0632\u064a\u0627\u0621 \u0627\u0644\u0641\u0631\u0646\u0633\u064a \u0627\u0644\u0634\u0627\u0628 \u0648\u062a\u0634\u0643\u064a\u0644\u062a\u0647\u060c \u0648\u0631\u062f\u0648\u062f \u0641\u0639\u0644 \u0627\u0644\u062c\u0645\u0647\u0648\u0631 \u0639\u0644\u064a\u0647\u0627.<br>Last updated: 24\/04\/2018<br>Asian fashion inspires French designer Julien Fourni\u00e9.<br>Parisian fashion designer Julien Fourni\u00e9 is inspired by Asian fashion in his 2018 summer collection. This episode of fashion highlights the young French fashion designer and his makeup, and the public&#8217;s reaction to it.<\/p>\n<\/div>\n\n\n\n<div class=\"wp-block-column is-layout-flow wp-block-column-is-layout-flow\" style=\"flex-basis:66.66%\">\n<figure class=\"wp-block-embed is-type-video is-provider-vimeo wp-block-embed-vimeo wp-embed-aspect-16-9 wp-has-aspect-ratio\"><div class=\"wp-block-embed__wrapper\">\n<iframe loading=\"lazy\" title=\"\u0627\u0644\u0627\u0654\u0632\u064a\u0627\u0621 \u0627\u0644\u0627\u0653\u0633\u064a\u0648\u064a\u0629 \u062a\u0644\u0647\u0645 \u0627\u0644\u0645\u0635\u0645\u0645 \u0627\u0644\u0641\u0631\u0646\u0633\u064a \u062c\u0648\u0644\u064a\u0627\u0646 \u0641\u0648\u0631\u0646\u064a\u064a France 24\" src=\"https:\/\/player.vimeo.com\/video\/266829455?dnt=1&amp;app_id=122963\" width=\"500\" height=\"281\" frameborder=\"0\" allow=\"autoplay; fullscreen; picture-in-picture; clipboard-write; encrypted-media; web-share\"><\/iframe>\n<\/div><\/figure>\n<\/div>\n<\/div>\n\n\n\n<div class=\"wp-block-columns alignfull is-layout-flex wp-container-core-columns-is-layout-28f84493 wp-block-columns-is-layout-flex\">\n<div class=\"wp-block-column is-layout-flow wp-block-column-is-layout-flow\" style=\"flex-basis:25%\">\n<h6 class=\"wp-block-heading\">Haute Couture Reports  Couture<\/h6>\n\n\n\n<p>AVEC JULIEN FOURNI\u00c9, DANS LES COULISSES D\u2019UN D\u00c9FIL\u00c9 HAUTE<\/p>\n\n\n\n<p>France 24 24 janv. 2017<\/p>\n<\/div>\n\n\n\n<div class=\"wp-block-column is-layout-flow wp-block-column-is-layout-flow\" style=\"flex-basis:66.66%\">\n<figure class=\"wp-block-embed is-type-video is-provider-youtube wp-block-embed-youtube wp-embed-aspect-16-9 wp-has-aspect-ratio\"><div class=\"wp-block-embed__wrapper\">\n<iframe loading=\"lazy\" title=\"Avec Julien Fourni\u00e9, dans les coulisses d\u2019un d\u00e9fil\u00e9 Haute Couture\" width=\"500\" height=\"281\" src=\"https:\/\/www.youtube.com\/embed\/U6pPGJo_LdM?feature=oembed\" frameborder=\"0\" allow=\"accelerometer; autoplay; clipboard-write; encrypted-media; gyroscope; picture-in-picture; web-share\" referrerpolicy=\"strict-origin-when-cross-origin\" allowfullscreen><\/iframe>\n<\/div><\/figure>\n<\/div>\n<\/div>\n","protected":false},"excerpt":{"rendered":"<p>Reports on Maison Julien Fourni\u00e9 Haute Couture and interviews with Julien Fourni\u00e9. Click to each image to see the video [&hellip;]<\/p>\n","protected":false},"author":1,"featured_media":2557,"parent":0,"menu_order":0,"comment_status":"closed","ping_status":"closed","template":"","meta":{"_uag_custom_page_level_css":"","site-sidebar-layout":"default","site-content-layout":"","ast-site-content-layout":"default","site-content-style":"default","site-sidebar-style":"default","ast-global-header-display":"","ast-banner-title-visibility":"","ast-main-header-display":"","ast-hfb-above-header-display":"","ast-hfb-below-header-display":"","ast-hfb-mobile-header-display":"","site-post-title":"","ast-breadcrumbs-content":"","ast-featured-img":"","footer-sml-layout":"","ast-disable-related-posts":"","theme-transparent-header-meta":"","adv-header-id-meta":"","stick-header-meta":"","header-above-stick-meta":"","header-main-stick-meta":"","header-below-stick-meta":"","astra-migrate-meta-layouts":"default","ast-page-background-enabled":"default","ast-page-background-meta":{"desktop":{"background-color":"var(--ast-global-color-5)","background-image":"","background-repeat":"repeat","background-position":"center center","background-size":"auto","background-attachment":"scroll","background-type":"","background-media":"","overlay-type":"","overlay-color":"","overlay-opacity":"","overlay-gradient":""},"tablet":{"background-color":"","background-image":"","background-repeat":"repeat","background-position":"center center","background-size":"auto","background-attachment":"scroll","background-type":"","background-media":"","overlay-type":"","overlay-color":"","overlay-opacity":"","overlay-gradient":""},"mobile":{"background-color":"","background-image":"","background-repeat":"repeat","background-position":"center center","background-size":"auto","background-attachment":"scroll","background-type":"","background-media":"","overlay-type":"","overlay-color":"","overlay-opacity":"","overlay-gradient":""}},"ast-content-background-meta":{"desktop":{"background-color":"var(--ast-global-color-4)","background-image":"","background-repeat":"repeat","background-position":"center center","background-size":"auto","background-attachment":"scroll","background-type":"","background-media":"","overlay-type":"","overlay-color":"","overlay-opacity":"","overlay-gradient":""},"tablet":{"background-color":"var(--ast-global-color-4)","background-image":"","background-repeat":"repeat","background-position":"center center","background-size":"auto","background-attachment":"scroll","background-type":"","background-media":"","overlay-type":"","overlay-color":"","overlay-opacity":"","overlay-gradient":""},"mobile":{"background-color":"var(--ast-global-color-4)","background-image":"","background-repeat":"repeat","background-position":"center center","background-size":"auto","background-attachment":"scroll","background-type":"","background-media":"","overlay-type":"","overlay-color":"","overlay-opacity":"","overlay-gradient":""}},"editor_notices":[],"footnotes":""},"class_list":["post-3415","page","type-page","status-publish","has-post-thumbnail","hentry"],"uagb_featured_image_src":{"full":["https:\/\/www.julienfournie.com\/en\/wp-content\/uploads\/sites\/4\/2021\/07\/Julien_Fournie-HCAH2020-008A-paysage-e1681992833151.jpg",798,798,false],"thumbnail":["https:\/\/www.julienfournie.com\/en\/wp-content\/uploads\/sites\/4\/2021\/07\/Julien_Fournie-HCAH2020-008A-paysage-e1681992833151-150x150.jpg",150,150,true],"medium":["https:\/\/www.julienfournie.com\/en\/wp-content\/uploads\/sites\/4\/2021\/07\/Julien_Fournie-HCAH2020-008A-paysage-e1681992833151-300x300.jpg",300,300,true],"medium_large":["https:\/\/www.julienfournie.com\/en\/wp-content\/uploads\/sites\/4\/2021\/07\/Julien_Fournie-HCAH2020-008A-paysage-e1681992833151-768x768.jpg",768,768,true],"large":["https:\/\/www.julienfournie.com\/en\/wp-content\/uploads\/sites\/4\/2021\/07\/Julien_Fournie-HCAH2020-008A-paysage-1024x683.jpg",1024,683,true],"1536x1536":["https:\/\/www.julienfournie.com\/en\/wp-content\/uploads\/sites\/4\/2021\/07\/Julien_Fournie-HCAH2020-008A-paysage-e1681992833151.jpg",798,798,false],"2048x2048":["https:\/\/www.julienfournie.com\/en\/wp-content\/uploads\/sites\/4\/2021\/07\/Julien_Fournie-HCAH2020-008A-paysage-e1681992833151.jpg",798,798,false],"woocommerce_thumbnail":["https:\/\/www.julienfournie.com\/en\/wp-content\/uploads\/sites\/4\/2021\/07\/Julien_Fournie-HCAH2020-008A-paysage-e1681992833151-300x300.jpg",300,300,true],"woocommerce_single":["https:\/\/www.julienfournie.com\/en\/wp-content\/uploads\/sites\/4\/2021\/07\/Julien_Fournie-HCAH2020-008A-paysage-e1681992833151-600x600.jpg",600,600,true],"woocommerce_gallery_thumbnail":["https:\/\/www.julienfournie.com\/en\/wp-content\/uploads\/sites\/4\/2021\/07\/Julien_Fournie-HCAH2020-008A-paysage-e1681992833151-100x100.jpg",100,100,true]},"uagb_author_info":{"display_name":"","author_link":"https:\/\/www.julienfournie.com\/en\/author\/"},"uagb_comment_info":0,"uagb_excerpt":"Reports on Maison Julien Fourni\u00e9 Haute Couture and interviews with Julien Fourni\u00e9. Click to each image to see the video [&hellip;]","_links":{"self":[{"href":"https:\/\/www.julienfournie.com\/en\/wp-json\/wp\/v2\/pages\/3415","targetHints":{"allow":["GET"]}}],"collection":[{"href":"https:\/\/www.julienfournie.com\/en\/wp-json\/wp\/v2\/pages"}],"about":[{"href":"https:\/\/www.julienfournie.com\/en\/wp-json\/wp\/v2\/types\/page"}],"author":[{"embeddable":true,"href":"https:\/\/www.julienfournie.com\/en\/wp-json\/wp\/v2\/users\/1"}],"replies":[{"embeddable":true,"href":"https:\/\/www.julienfournie.com\/en\/wp-json\/wp\/v2\/comments?post=3415"}],"version-history":[{"count":0,"href":"https:\/\/www.julienfournie.com\/en\/wp-json\/wp\/v2\/pages\/3415\/revisions"}],"wp:featuredmedia":[{"embeddable":true,"href":"https:\/\/www.julienfournie.com\/en\/wp-json\/wp\/v2\/media\/2557"}],"wp:attachment":[{"href":"https:\/\/www.julienfournie.com\/en\/wp-json\/wp\/v2\/media?parent=3415"}],"curies":[{"name":"wp","href":"https:\/\/api.w.org\/{rel}","templated":true}]}}